{"id":2008,"date":"2023-10-30T19:19:27","date_gmt":"2023-10-30T18:19:27","guid":{"rendered":"https:\/\/www.greta-hessel.de\/Medienagentur\/?page_id=2008"},"modified":"2023-11-10T16:18:49","modified_gmt":"2023-11-10T15:18:49","slug":"markgraeflerland","status":"publish","type":"page","link":"https:\/\/www.greta-hessel.de\/Medienagentur\/markgraeflerland\/","title":{"rendered":"Markgr\u00e4flerland"},"content":{"rendered":"\n<h3 class=\"wp-block-heading has-text-align-center\">F\u00fcnfschilling in Fischingen<\/h3>\n\n\n\n<figure class=\"wp-block-image size-full\"><a href=\"https:\/\/www.greta-hessel.de\/Medienagentur\/wp-content\/uploads\/2023\/10\/5Schilling.jpg\"><img decoding=\"async\" width=\"595\" height=\"595\" data-src=\"https:\/\/www.greta-hessel.de\/Medienagentur\/wp-content\/uploads\/2023\/10\/5Schilling.jpg\" alt=\"\" class=\"wp-image-2012 lazyload\" data-srcset=\"https:\/\/www.greta-hessel.de\/Medienagentur\/wp-content\/uploads\/2023\/10\/5Schilling.jpg 595w, https:\/\/www.greta-hessel.de\/Medienagentur\/wp-content\/uploads\/2023\/10\/5Schilling-300x300.jpg 300w, https:\/\/www.greta-hessel.de\/Medienagentur\/wp-content\/uploads\/2023\/10\/5Schilling-150x150.jpg 150w\" data-sizes=\"(max-width: 595px) 100vw, 595px\" src=\"data:image\/svg+xml;base64,PHN2ZyB3aWR0aD0iMSIgaGVpZ2h0PSIxIiB4bWxucz0iaHR0cDovL3d3dy53My5vcmcvMjAwMC9zdmciPjwvc3ZnPg==\" style=\"--smush-placeholder-width: 595px; --smush-placeholder-aspect-ratio: 595\/595;\" \/><\/a><\/figure>\n\n\n\n<figure class=\"wp-block-image size-full is-resized\"><a href=\"https:\/\/www.greta-hessel.de\/Medienagentur\/wp-content\/uploads\/2023\/10\/5Schilling2.jpg\"><img decoding=\"async\" width=\"595\" height=\"595\" data-src=\"https:\/\/www.greta-hessel.de\/Medienagentur\/wp-content\/uploads\/2023\/10\/5Schilling2.jpg\" alt=\"\" class=\"wp-image-2013 lazyload\" style=\"--smush-placeholder-width: 595px; --smush-placeholder-aspect-ratio: 595\/595;width:634px;height:auto\" data-srcset=\"https:\/\/www.greta-hessel.de\/Medienagentur\/wp-content\/uploads\/2023\/10\/5Schilling2.jpg 595w, https:\/\/www.greta-hessel.de\/Medienagentur\/wp-content\/uploads\/2023\/10\/5Schilling2-300x300.jpg 300w, https:\/\/www.greta-hessel.de\/Medienagentur\/wp-content\/uploads\/2023\/10\/5Schilling2-150x150.jpg 150w\" data-sizes=\"(max-width: 595px) 100vw, 595px\" src=\"data:image\/svg+xml;base64,PHN2ZyB3aWR0aD0iMSIgaGVpZ2h0PSIxIiB4bWxucz0iaHR0cDovL3d3dy53My5vcmcvMjAwMC9zdmciPjwvc3ZnPg==\" \/><\/a><\/figure>\n\n\n\n<hr class=\"wp-block-separator has-alpha-channel-opacity\"\/>\n\n\n\n<h3 class=\"wp-block-heading has-text-align-center\">B\u00e4ckerei Kotz in M\u00fcllheim<\/h3>\n\n\n\n<figure class=\"wp-block-image size-full is-resized\"><a href=\"https:\/\/www.greta-hessel.de\/Medienagentur\/wp-content\/uploads\/2023\/10\/Baeckerei_Kotz.jpg\"><img decoding=\"async\" width=\"794\" height=\"794\" data-src=\"https:\/\/www.greta-hessel.de\/Medienagentur\/wp-content\/uploads\/2023\/10\/Baeckerei_Kotz.jpg\" alt=\"\" class=\"wp-image-2015 lazyload\" style=\"--smush-placeholder-width: 794px; --smush-placeholder-aspect-ratio: 794\/794;width:634px;height:auto\" data-srcset=\"https:\/\/www.greta-hessel.de\/Medienagentur\/wp-content\/uploads\/2023\/10\/Baeckerei_Kotz.jpg 794w, https:\/\/www.greta-hessel.de\/Medienagentur\/wp-content\/uploads\/2023\/10\/Baeckerei_Kotz-300x300.jpg 300w, https:\/\/www.greta-hessel.de\/Medienagentur\/wp-content\/uploads\/2023\/10\/Baeckerei_Kotz-150x150.jpg 150w, https:\/\/www.greta-hessel.de\/Medienagentur\/wp-content\/uploads\/2023\/10\/Baeckerei_Kotz-768x768.jpg 768w\" data-sizes=\"(max-width: 794px) 100vw, 794px\" src=\"data:image\/svg+xml;base64,PHN2ZyB3aWR0aD0iMSIgaGVpZ2h0PSIxIiB4bWxucz0iaHR0cDovL3d3dy53My5vcmcvMjAwMC9zdmciPjwvc3ZnPg==\" \/><\/a><\/figure>\n\n\n\n<hr class=\"wp-block-separator has-alpha-channel-opacity\"\/>\n\n\n\n<h3 class=\"wp-block-heading has-text-align-center\">Kreiterhof in Wollbach<\/h3>\n\n\n\n<figure class=\"wp-block-image size-full is-resized\"><a href=\"https:\/\/www.greta-hessel.de\/Medienagentur\/wp-content\/uploads\/2023\/10\/Kreiterhof.jpg\"><img decoding=\"async\" width=\"794\" height=\"794\" data-src=\"https:\/\/www.greta-hessel.de\/Medienagentur\/wp-content\/uploads\/2023\/10\/Kreiterhof.jpg\" alt=\"\" class=\"wp-image-2018 lazyload\" style=\"--smush-placeholder-width: 794px; --smush-placeholder-aspect-ratio: 794\/794;width:634px;height:auto\" data-srcset=\"https:\/\/www.greta-hessel.de\/Medienagentur\/wp-content\/uploads\/2023\/10\/Kreiterhof.jpg 794w, https:\/\/www.greta-hessel.de\/Medienagentur\/wp-content\/uploads\/2023\/10\/Kreiterhof-300x300.jpg 300w, https:\/\/www.greta-hessel.de\/Medienagentur\/wp-content\/uploads\/2023\/10\/Kreiterhof-150x150.jpg 150w, https:\/\/www.greta-hessel.de\/Medienagentur\/wp-content\/uploads\/2023\/10\/Kreiterhof-768x768.jpg 768w\" data-sizes=\"(max-width: 794px) 100vw, 794px\" src=\"data:image\/svg+xml;base64,PHN2ZyB3aWR0aD0iMSIgaGVpZ2h0PSIxIiB4bWxucz0iaHR0cDovL3d3dy53My5vcmcvMjAwMC9zdmciPjwvc3ZnPg==\" \/><\/a><\/figure>\n\n\n\n<hr class=\"wp-block-separator has-alpha-channel-opacity\"\/>\n\n\n\n<h3 class=\"wp-block-heading has-text-align-center\">Weingut Lampp in Heitersheim<\/h3>\n\n\n\n<figure class=\"wp-block-image size-full is-resized\"><a href=\"https:\/\/www.greta-hessel.de\/Medienagentur\/wp-content\/uploads\/2023\/10\/Lampp.jpg\"><img decoding=\"async\" width=\"794\" height=\"794\" data-src=\"https:\/\/www.greta-hessel.de\/Medienagentur\/wp-content\/uploads\/2023\/10\/Lampp.jpg\" alt=\"\" class=\"wp-image-2019 lazyload\" style=\"--smush-placeholder-width: 794px; --smush-placeholder-aspect-ratio: 794\/794;width:634px;height:auto\" data-srcset=\"https:\/\/www.greta-hessel.de\/Medienagentur\/wp-content\/uploads\/2023\/10\/Lampp.jpg 794w, https:\/\/www.greta-hessel.de\/Medienagentur\/wp-content\/uploads\/2023\/10\/Lampp-300x300.jpg 300w, https:\/\/www.greta-hessel.de\/Medienagentur\/wp-content\/uploads\/2023\/10\/Lampp-150x150.jpg 150w, https:\/\/www.greta-hessel.de\/Medienagentur\/wp-content\/uploads\/2023\/10\/Lampp-768x768.jpg 768w\" data-sizes=\"(max-width: 794px) 100vw, 794px\" src=\"data:image\/svg+xml;base64,PHN2ZyB3aWR0aD0iMSIgaGVpZ2h0PSIxIiB4bWxucz0iaHR0cDovL3d3dy53My5vcmcvMjAwMC9zdmciPjwvc3ZnPg==\" \/><\/a><\/figure>\n\n\n\n<hr class=\"wp-block-separator has-alpha-channel-opacity\"\/>\n\n\n\n<h3 class=\"wp-block-heading has-text-align-center\">Hotel Tanne in Fischingen<\/h3>\n\n\n\n<figure class=\"wp-block-image size-full\"><a href=\"https:\/\/www.greta-hessel.de\/Medienagentur\/wp-content\/uploads\/2023\/10\/Tanne.jpg\"><img decoding=\"async\" width=\"794\" height=\"794\" data-src=\"https:\/\/www.greta-hessel.de\/Medienagentur\/wp-content\/uploads\/2023\/10\/Tanne.jpg\" alt=\"\" class=\"wp-image-2020 lazyload\" data-srcset=\"https:\/\/www.greta-hessel.de\/Medienagentur\/wp-content\/uploads\/2023\/10\/Tanne.jpg 794w, https:\/\/www.greta-hessel.de\/Medienagentur\/wp-content\/uploads\/2023\/10\/Tanne-300x300.jpg 300w, https:\/\/www.greta-hessel.de\/Medienagentur\/wp-content\/uploads\/2023\/10\/Tanne-150x150.jpg 150w, https:\/\/www.greta-hessel.de\/Medienagentur\/wp-content\/uploads\/2023\/10\/Tanne-768x768.jpg 768w\" data-sizes=\"(max-width: 794px) 100vw, 794px\" src=\"data:image\/svg+xml;base64,PHN2ZyB3aWR0aD0iMSIgaGVpZ2h0PSIxIiB4bWxucz0iaHR0cDovL3d3dy53My5vcmcvMjAwMC9zdmciPjwvc3ZnPg==\" style=\"--smush-placeholder-width: 794px; --smush-placeholder-aspect-ratio: 794\/794;\" \/><\/a><\/figure>\n\n\n\n<hr class=\"wp-block-separator has-alpha-channel-opacity\"\/>\n\n\n\n<h3 class=\"wp-block-heading has-text-align-center\">Therme in Badenweiler<\/h3>\n\n\n\n<figure class=\"wp-block-image size-full\"><a href=\"https:\/\/www.greta-hessel.de\/Medienagentur\/wp-content\/uploads\/2023\/10\/Badenweiler2.jpg\"><img decoding=\"async\" width=\"794\" height=\"794\" data-src=\"https:\/\/www.greta-hessel.de\/Medienagentur\/wp-content\/uploads\/2023\/10\/Badenweiler2.jpg\" alt=\"\" class=\"wp-image-2021 lazyload\" data-srcset=\"https:\/\/www.greta-hessel.de\/Medienagentur\/wp-content\/uploads\/2023\/10\/Badenweiler2.jpg 794w, https:\/\/www.greta-hessel.de\/Medienagentur\/wp-content\/uploads\/2023\/10\/Badenweiler2-300x300.jpg 300w, https:\/\/www.greta-hessel.de\/Medienagentur\/wp-content\/uploads\/2023\/10\/Badenweiler2-150x150.jpg 150w, https:\/\/www.greta-hessel.de\/Medienagentur\/wp-content\/uploads\/2023\/10\/Badenweiler2-768x768.jpg 768w\" data-sizes=\"(max-width: 794px) 100vw, 794px\" src=\"data:image\/svg+xml;base64,PHN2ZyB3aWR0aD0iMSIgaGVpZ2h0PSIxIiB4bWxucz0iaHR0cDovL3d3dy53My5vcmcvMjAwMC9zdmciPjwvc3ZnPg==\" style=\"--smush-placeholder-width: 794px; --smush-placeholder-aspect-ratio: 794\/794;\" \/><\/a><\/figure>\n\n\n\n<hr class=\"wp-block-separator has-alpha-channel-opacity\"\/>\n\n\n\n<h3 class=\"wp-block-heading has-text-align-center\">Eberhardt in Badenweiler<\/h3>\n\n\n\n<figure class=\"wp-block-image size-full\"><a href=\"https:\/\/www.greta-hessel.de\/Medienagentur\/wp-content\/uploads\/2023\/10\/Badenweiler4.jpg\"><img decoding=\"async\" width=\"794\" height=\"794\" data-src=\"https:\/\/www.greta-hessel.de\/Medienagentur\/wp-content\/uploads\/2023\/10\/Badenweiler4.jpg\" alt=\"\" class=\"wp-image-2022 lazyload\" data-srcset=\"https:\/\/www.greta-hessel.de\/Medienagentur\/wp-content\/uploads\/2023\/10\/Badenweiler4.jpg 794w, https:\/\/www.greta-hessel.de\/Medienagentur\/wp-content\/uploads\/2023\/10\/Badenweiler4-300x300.jpg 300w, https:\/\/www.greta-hessel.de\/Medienagentur\/wp-content\/uploads\/2023\/10\/Badenweiler4-150x150.jpg 150w, https:\/\/www.greta-hessel.de\/Medienagentur\/wp-content\/uploads\/2023\/10\/Badenweiler4-768x768.jpg 768w\" data-sizes=\"(max-width: 794px) 100vw, 794px\" src=\"data:image\/svg+xml;base64,PHN2ZyB3aWR0aD0iMSIgaGVpZ2h0PSIxIiB4bWxucz0iaHR0cDovL3d3dy53My5vcmcvMjAwMC9zdmciPjwvc3ZnPg==\" style=\"--smush-placeholder-width: 794px; --smush-placeholder-aspect-ratio: 794\/794;\" \/><\/a><\/figure>\n\n\n\n<figure class=\"wp-block-image size-full\"><a href=\"https:\/\/www.greta-hessel.de\/Medienagentur\/wp-content\/uploads\/2023\/10\/Badenweiler5.jpg\"><img decoding=\"async\" width=\"794\" height=\"794\" data-src=\"https:\/\/www.greta-hessel.de\/Medienagentur\/wp-content\/uploads\/2023\/10\/Badenweiler5.jpg\" alt=\"\" class=\"wp-image-2023 lazyload\" data-srcset=\"https:\/\/www.greta-hessel.de\/Medienagentur\/wp-content\/uploads\/2023\/10\/Badenweiler5.jpg 794w, https:\/\/www.greta-hessel.de\/Medienagentur\/wp-content\/uploads\/2023\/10\/Badenweiler5-300x300.jpg 300w, https:\/\/www.greta-hessel.de\/Medienagentur\/wp-content\/uploads\/2023\/10\/Badenweiler5-150x150.jpg 150w, https:\/\/www.greta-hessel.de\/Medienagentur\/wp-content\/uploads\/2023\/10\/Badenweiler5-768x768.jpg 768w\" data-sizes=\"(max-width: 794px) 100vw, 794px\" src=\"data:image\/svg+xml;base64,PHN2ZyB3aWR0aD0iMSIgaGVpZ2h0PSIxIiB4bWxucz0iaHR0cDovL3d3dy53My5vcmcvMjAwMC9zdmciPjwvc3ZnPg==\" style=\"--smush-placeholder-width: 794px; --smush-placeholder-aspect-ratio: 794\/794;\" \/><\/a><\/figure>\n\n\n\n<hr class=\"wp-block-separator has-alpha-channel-opacity\"\/>\n\n\n\n<h3 class=\"wp-block-heading has-text-align-center\">Gr\u00fcner Baum in Badenweiler<\/h3>\n\n\n\n<figure class=\"wp-block-image size-full\"><a href=\"https:\/\/www.greta-hessel.de\/Medienagentur\/wp-content\/uploads\/2023\/10\/Badenweiler10.jpg\"><img decoding=\"async\" width=\"794\" height=\"794\" data-src=\"https:\/\/www.greta-hessel.de\/Medienagentur\/wp-content\/uploads\/2023\/10\/Badenweiler10.jpg\" alt=\"\" class=\"wp-image-2024 lazyload\" data-srcset=\"https:\/\/www.greta-hessel.de\/Medienagentur\/wp-content\/uploads\/2023\/10\/Badenweiler10.jpg 794w, https:\/\/www.greta-hessel.de\/Medienagentur\/wp-content\/uploads\/2023\/10\/Badenweiler10-300x300.jpg 300w, https:\/\/www.greta-hessel.de\/Medienagentur\/wp-content\/uploads\/2023\/10\/Badenweiler10-150x150.jpg 150w, https:\/\/www.greta-hessel.de\/Medienagentur\/wp-content\/uploads\/2023\/10\/Badenweiler10-768x768.jpg 768w\" data-sizes=\"(max-width: 794px) 100vw, 794px\" src=\"data:image\/svg+xml;base64,PHN2ZyB3aWR0aD0iMSIgaGVpZ2h0PSIxIiB4bWxucz0iaHR0cDovL3d3dy53My5vcmcvMjAwMC9zdmciPjwvc3ZnPg==\" style=\"--smush-placeholder-width: 794px; --smush-placeholder-aspect-ratio: 794\/794;\" \/><\/a><\/figure>\n\n\n\n<figure class=\"wp-block-image size-full\"><a href=\"https:\/\/www.greta-hessel.de\/Medienagentur\/wp-content\/uploads\/2023\/10\/Badenweiler11.jpg\"><img decoding=\"async\" width=\"794\" height=\"794\" data-src=\"https:\/\/www.greta-hessel.de\/Medienagentur\/wp-content\/uploads\/2023\/10\/Badenweiler11.jpg\" alt=\"\" class=\"wp-image-2025 lazyload\" data-srcset=\"https:\/\/www.greta-hessel.de\/Medienagentur\/wp-content\/uploads\/2023\/10\/Badenweiler11.jpg 794w, https:\/\/www.greta-hessel.de\/Medienagentur\/wp-content\/uploads\/2023\/10\/Badenweiler11-300x300.jpg 300w, https:\/\/www.greta-hessel.de\/Medienagentur\/wp-content\/uploads\/2023\/10\/Badenweiler11-150x150.jpg 150w, https:\/\/www.greta-hessel.de\/Medienagentur\/wp-content\/uploads\/2023\/10\/Badenweiler11-768x768.jpg 768w\" data-sizes=\"(max-width: 794px) 100vw, 794px\" src=\"data:image\/svg+xml;base64,PHN2ZyB3aWR0aD0iMSIgaGVpZ2h0PSIxIiB4bWxucz0iaHR0cDovL3d3dy53My5vcmcvMjAwMC9zdmciPjwvc3ZnPg==\" style=\"--smush-placeholder-width: 794px; --smush-placeholder-aspect-ratio: 794\/794;\" \/><\/a><\/figure>\n\n\n\n<figure class=\"wp-block-image size-full\"><a href=\"https:\/\/www.greta-hessel.de\/Medienagentur\/wp-content\/uploads\/2023\/10\/7_Lampp.jpg\"><img decoding=\"async\" width=\"794\" height=\"794\" data-src=\"https:\/\/www.greta-hessel.de\/Medienagentur\/wp-content\/uploads\/2023\/10\/7_Lampp.jpg\" alt=\"\" class=\"wp-image-2028 lazyload\" data-srcset=\"https:\/\/www.greta-hessel.de\/Medienagentur\/wp-content\/uploads\/2023\/10\/7_Lampp.jpg 794w, https:\/\/www.greta-hessel.de\/Medienagentur\/wp-content\/uploads\/2023\/10\/7_Lampp-300x300.jpg 300w, https:\/\/www.greta-hessel.de\/Medienagentur\/wp-content\/uploads\/2023\/10\/7_Lampp-150x150.jpg 150w, https:\/\/www.greta-hessel.de\/Medienagentur\/wp-content\/uploads\/2023\/10\/7_Lampp-768x768.jpg 768w\" data-sizes=\"(max-width: 794px) 100vw, 794px\" src=\"data:image\/svg+xml;base64,PHN2ZyB3aWR0aD0iMSIgaGVpZ2h0PSIxIiB4bWxucz0iaHR0cDovL3d3dy53My5vcmcvMjAwMC9zdmciPjwvc3ZnPg==\" style=\"--smush-placeholder-width: 794px; --smush-placeholder-aspect-ratio: 794\/794;\" \/><\/a><\/figure>\n\n\n\n<hr class=\"wp-block-separator has-alpha-channel-opacity\"\/>\n\n\n\n<h3 class=\"wp-block-heading has-text-align-center\">Hirschen in Klein-Wiesental<\/h3>\n\n\n\n<figure class=\"wp-block-image size-full is-resized\"><a href=\"https:\/\/www.greta-hessel.de\/Medienagentur\/wp-content\/uploads\/2023\/10\/14_Hirschen.jpg\"><img decoding=\"async\" width=\"794\" height=\"794\" data-src=\"https:\/\/www.greta-hessel.de\/Medienagentur\/wp-content\/uploads\/2023\/10\/14_Hirschen.jpg\" alt=\"\" class=\"wp-image-2029 lazyload\" style=\"--smush-placeholder-width: 794px; --smush-placeholder-aspect-ratio: 794\/794;aspect-ratio:1;width:634px;height:auto\" data-srcset=\"https:\/\/www.greta-hessel.de\/Medienagentur\/wp-content\/uploads\/2023\/10\/14_Hirschen.jpg 794w, https:\/\/www.greta-hessel.de\/Medienagentur\/wp-content\/uploads\/2023\/10\/14_Hirschen-300x300.jpg 300w, https:\/\/www.greta-hessel.de\/Medienagentur\/wp-content\/uploads\/2023\/10\/14_Hirschen-150x150.jpg 150w, https:\/\/www.greta-hessel.de\/Medienagentur\/wp-content\/uploads\/2023\/10\/14_Hirschen-768x768.jpg 768w\" data-sizes=\"(max-width: 794px) 100vw, 794px\" src=\"data:image\/svg+xml;base64,PHN2ZyB3aWR0aD0iMSIgaGVpZ2h0PSIxIiB4bWxucz0iaHR0cDovL3d3dy53My5vcmcvMjAwMC9zdmciPjwvc3ZnPg==\" \/><\/a><\/figure>\n\n\n\n<figure class=\"wp-block-image size-full\"><a href=\"https:\/\/www.greta-hessel.de\/Medienagentur\/wp-content\/uploads\/2023\/11\/GutesLeben-7-Ansich-Dopppelseiten8.jpg\"><img decoding=\"async\" width=\"596\" height=\"596\" data-src=\"https:\/\/www.greta-hessel.de\/Medienagentur\/wp-content\/uploads\/2023\/11\/GutesLeben-7-Ansich-Dopppelseiten8.jpg\" alt=\"\" class=\"wp-image-2142 lazyload\" data-srcset=\"https:\/\/www.greta-hessel.de\/Medienagentur\/wp-content\/uploads\/2023\/11\/GutesLeben-7-Ansich-Dopppelseiten8.jpg 596w, https:\/\/www.greta-hessel.de\/Medienagentur\/wp-content\/uploads\/2023\/11\/GutesLeben-7-Ansich-Dopppelseiten8-300x300.jpg 300w, https:\/\/www.greta-hessel.de\/Medienagentur\/wp-content\/uploads\/2023\/11\/GutesLeben-7-Ansich-Dopppelseiten8-150x150.jpg 150w\" data-sizes=\"(max-width: 596px) 100vw, 596px\" src=\"data:image\/svg+xml;base64,PHN2ZyB3aWR0aD0iMSIgaGVpZ2h0PSIxIiB4bWxucz0iaHR0cDovL3d3dy53My5vcmcvMjAwMC9zdmciPjwvc3ZnPg==\" style=\"--smush-placeholder-width: 596px; --smush-placeholder-aspect-ratio: 596\/596;\" \/><\/a><\/figure>\n\n\n\n<figure class=\"wp-block-image size-full is-resized\"><a href=\"https:\/\/www.greta-hessel.de\/Medienagentur\/wp-content\/uploads\/2023\/11\/GutesLeben-7-Ansich-Dopppelseiten9.jpg\"><img decoding=\"async\" width=\"596\" height=\"596\" data-src=\"https:\/\/www.greta-hessel.de\/Medienagentur\/wp-content\/uploads\/2023\/11\/GutesLeben-7-Ansich-Dopppelseiten9.jpg\" alt=\"\" class=\"wp-image-2143 lazyload\" style=\"--smush-placeholder-width: 596px; --smush-placeholder-aspect-ratio: 596\/596;width:634px;height:auto\" data-srcset=\"https:\/\/www.greta-hessel.de\/Medienagentur\/wp-content\/uploads\/2023\/11\/GutesLeben-7-Ansich-Dopppelseiten9.jpg 596w, https:\/\/www.greta-hessel.de\/Medienagentur\/wp-content\/uploads\/2023\/11\/GutesLeben-7-Ansich-Dopppelseiten9-300x300.jpg 300w, https:\/\/www.greta-hessel.de\/Medienagentur\/wp-content\/uploads\/2023\/11\/GutesLeben-7-Ansich-Dopppelseiten9-150x150.jpg 150w\" data-sizes=\"(max-width: 596px) 100vw, 596px\" src=\"data:image\/svg+xml;base64,PHN2ZyB3aWR0aD0iMSIgaGVpZ2h0PSIxIiB4bWxucz0iaHR0cDovL3d3dy53My5vcmcvMjAwMC9zdmciPjwvc3ZnPg==\" \/><\/a><\/figure>\n\n\n\n<hr class=\"wp-block-separator has-alpha-channel-opacity\"\/>\n\n\n\n<h3 class=\"wp-block-heading has-text-align-center\">M\u00fchle in Gersbach<\/h3>\n\n\n\n<figure class=\"wp-block-image size-full\"><a href=\"https:\/\/www.greta-hessel.de\/Medienagentur\/wp-content\/uploads\/2023\/11\/GutesLeben-7-Ansich-Dopppelseiten10.jpg\"><img decoding=\"async\" width=\"596\" height=\"596\" data-src=\"https:\/\/www.greta-hessel.de\/Medienagentur\/wp-content\/uploads\/2023\/11\/GutesLeben-7-Ansich-Dopppelseiten10.jpg\" alt=\"\" class=\"wp-image-2144 lazyload\" data-srcset=\"https:\/\/www.greta-hessel.de\/Medienagentur\/wp-content\/uploads\/2023\/11\/GutesLeben-7-Ansich-Dopppelseiten10.jpg 596w, https:\/\/www.greta-hessel.de\/Medienagentur\/wp-content\/uploads\/2023\/11\/GutesLeben-7-Ansich-Dopppelseiten10-300x300.jpg 300w, https:\/\/www.greta-hessel.de\/Medienagentur\/wp-content\/uploads\/2023\/11\/GutesLeben-7-Ansich-Dopppelseiten10-150x150.jpg 150w\" data-sizes=\"(max-width: 596px) 100vw, 596px\" src=\"data:image\/svg+xml;base64,PHN2ZyB3aWR0aD0iMSIgaGVpZ2h0PSIxIiB4bWxucz0iaHR0cDovL3d3dy53My5vcmcvMjAwMC9zdmciPjwvc3ZnPg==\" style=\"--smush-placeholder-width: 596px; --smush-placeholder-aspect-ratio: 596\/596;\" \/><\/a><\/figure>\n\n\n\n<figure class=\"wp-block-image size-full is-resized\"><a href=\"https:\/\/www.greta-hessel.de\/Medienagentur\/wp-content\/uploads\/2023\/11\/GutesLeben-7-Ansich-Dopppelseiten11.jpg\"><img decoding=\"async\" width=\"596\" height=\"596\" data-src=\"https:\/\/www.greta-hessel.de\/Medienagentur\/wp-content\/uploads\/2023\/11\/GutesLeben-7-Ansich-Dopppelseiten11.jpg\" alt=\"\" class=\"wp-image-2145 lazyload\" style=\"--smush-placeholder-width: 596px; --smush-placeholder-aspect-ratio: 596\/596;width:634px;height:auto\" data-srcset=\"https:\/\/www.greta-hessel.de\/Medienagentur\/wp-content\/uploads\/2023\/11\/GutesLeben-7-Ansich-Dopppelseiten11.jpg 596w, https:\/\/www.greta-hessel.de\/Medienagentur\/wp-content\/uploads\/2023\/11\/GutesLeben-7-Ansich-Dopppelseiten11-300x300.jpg 300w, https:\/\/www.greta-hessel.de\/Medienagentur\/wp-content\/uploads\/2023\/11\/GutesLeben-7-Ansich-Dopppelseiten11-150x150.jpg 150w\" data-sizes=\"(max-width: 596px) 100vw, 596px\" src=\"data:image\/svg+xml;base64,PHN2ZyB3aWR0aD0iMSIgaGVpZ2h0PSIxIiB4bWxucz0iaHR0cDovL3d3dy53My5vcmcvMjAwMC9zdmciPjwvc3ZnPg==\" \/><\/a><\/figure>\n\n\n\n<hr class=\"wp-block-separator has-alpha-channel-opacity\"\/>\n\n\n\n<h3 class=\"wp-block-heading has-text-align-center\">Hirschen in Sallneck<\/h3>\n\n\n\n<figure class=\"wp-block-image size-full\"><a href=\"https:\/\/www.greta-hessel.de\/Medienagentur\/wp-content\/uploads\/2023\/11\/GutesLeben-7-Ansich-Dopppelseiten12.jpg\"><img decoding=\"async\" width=\"596\" height=\"596\" data-src=\"https:\/\/www.greta-hessel.de\/Medienagentur\/wp-content\/uploads\/2023\/11\/GutesLeben-7-Ansich-Dopppelseiten12.jpg\" alt=\"\" class=\"wp-image-2146 lazyload\" data-srcset=\"https:\/\/www.greta-hessel.de\/Medienagentur\/wp-content\/uploads\/2023\/11\/GutesLeben-7-Ansich-Dopppelseiten12.jpg 596w, https:\/\/www.greta-hessel.de\/Medienagentur\/wp-content\/uploads\/2023\/11\/GutesLeben-7-Ansich-Dopppelseiten12-300x300.jpg 300w, https:\/\/www.greta-hessel.de\/Medienagentur\/wp-content\/uploads\/2023\/11\/GutesLeben-7-Ansich-Dopppelseiten12-150x150.jpg 150w\" data-sizes=\"(max-width: 596px) 100vw, 596px\" src=\"data:image\/svg+xml;base64,PHN2ZyB3aWR0aD0iMSIgaGVpZ2h0PSIxIiB4bWxucz0iaHR0cDovL3d3dy53My5vcmcvMjAwMC9zdmciPjwvc3ZnPg==\" style=\"--smush-placeholder-width: 596px; --smush-placeholder-aspect-ratio: 596\/596;\" \/><\/a><\/figure>\n\n\n\n<figure class=\"wp-block-image size-full\"><a href=\"https:\/\/www.greta-hessel.de\/Medienagentur\/wp-content\/uploads\/2023\/11\/GutesLeben-7-Ansich-Dopppelseiten13.jpg\"><img decoding=\"async\" width=\"596\" height=\"596\" data-src=\"https:\/\/www.greta-hessel.de\/Medienagentur\/wp-content\/uploads\/2023\/11\/GutesLeben-7-Ansich-Dopppelseiten13.jpg\" alt=\"\" class=\"wp-image-2147 lazyload\" data-srcset=\"https:\/\/www.greta-hessel.de\/Medienagentur\/wp-content\/uploads\/2023\/11\/GutesLeben-7-Ansich-Dopppelseiten13.jpg 596w, https:\/\/www.greta-hessel.de\/Medienagentur\/wp-content\/uploads\/2023\/11\/GutesLeben-7-Ansich-Dopppelseiten13-300x300.jpg 300w, https:\/\/www.greta-hessel.de\/Medienagentur\/wp-content\/uploads\/2023\/11\/GutesLeben-7-Ansich-Dopppelseiten13-150x150.jpg 150w\" data-sizes=\"(max-width: 596px) 100vw, 596px\" src=\"data:image\/svg+xml;base64,PHN2ZyB3aWR0aD0iMSIgaGVpZ2h0PSIxIiB4bWxucz0iaHR0cDovL3d3dy53My5vcmcvMjAwMC9zdmciPjwvc3ZnPg==\" style=\"--smush-placeholder-width: 596px; --smush-placeholder-aspect-ratio: 596\/596;\" \/><\/a><\/figure>\n\n\n\n<hr class=\"wp-block-separator has-alpha-channel-opacity\"\/>\n\n\n\n<h3 class=\"wp-block-heading has-text-align-center\">Waldhorn in Brombach<\/h3>\n\n\n\n<figure class=\"wp-block-image size-full\"><a href=\"https:\/\/www.greta-hessel.de\/Medienagentur\/wp-content\/uploads\/2023\/11\/GutesLeben-7-Ansich-Dopppelseiten14.jpg\"><img decoding=\"async\" width=\"596\" height=\"596\" data-src=\"https:\/\/www.greta-hessel.de\/Medienagentur\/wp-content\/uploads\/2023\/11\/GutesLeben-7-Ansich-Dopppelseiten14.jpg\" alt=\"\" class=\"wp-image-2148 lazyload\" data-srcset=\"https:\/\/www.greta-hessel.de\/Medienagentur\/wp-content\/uploads\/2023\/11\/GutesLeben-7-Ansich-Dopppelseiten14.jpg 596w, https:\/\/www.greta-hessel.de\/Medienagentur\/wp-content\/uploads\/2023\/11\/GutesLeben-7-Ansich-Dopppelseiten14-300x300.jpg 300w, https:\/\/www.greta-hessel.de\/Medienagentur\/wp-content\/uploads\/2023\/11\/GutesLeben-7-Ansich-Dopppelseiten14-150x150.jpg 150w\" data-sizes=\"(max-width: 596px) 100vw, 596px\" src=\"data:image\/svg+xml;base64,PHN2ZyB3aWR0aD0iMSIgaGVpZ2h0PSIxIiB4bWxucz0iaHR0cDovL3d3dy53My5vcmcvMjAwMC9zdmciPjwvc3ZnPg==\" style=\"--smush-placeholder-width: 596px; --smush-placeholder-aspect-ratio: 596\/596;\" \/><\/a><\/figure>\n\n\n\n<figure class=\"wp-block-image size-full is-resized\"><a href=\"https:\/\/www.greta-hessel.de\/Medienagentur\/wp-content\/uploads\/2023\/11\/GutesLeben-7-Ansich-Dopppelseiten15.jpg\"><img decoding=\"async\" width=\"596\" height=\"596\" data-src=\"https:\/\/www.greta-hessel.de\/Medienagentur\/wp-content\/uploads\/2023\/11\/GutesLeben-7-Ansich-Dopppelseiten15.jpg\" alt=\"\" class=\"wp-image-2149 lazyload\" style=\"--smush-placeholder-width: 596px; --smush-placeholder-aspect-ratio: 596\/596;width:634px;height:auto\" data-srcset=\"https:\/\/www.greta-hessel.de\/Medienagentur\/wp-content\/uploads\/2023\/11\/GutesLeben-7-Ansich-Dopppelseiten15.jpg 596w, https:\/\/www.greta-hessel.de\/Medienagentur\/wp-content\/uploads\/2023\/11\/GutesLeben-7-Ansich-Dopppelseiten15-300x300.jpg 300w, https:\/\/www.greta-hessel.de\/Medienagentur\/wp-content\/uploads\/2023\/11\/GutesLeben-7-Ansich-Dopppelseiten15-150x150.jpg 150w\" data-sizes=\"(max-width: 596px) 100vw, 596px\" src=\"data:image\/svg+xml;base64,PHN2ZyB3aWR0aD0iMSIgaGVpZ2h0PSIxIiB4bWxucz0iaHR0cDovL3d3dy53My5vcmcvMjAwMC9zdmciPjwvc3ZnPg==\" \/><\/a><\/figure>\n\n\n\n<hr class=\"wp-block-separator has-alpha-channel-opacity\"\/>\n\n\n\n<h3 class=\"wp-block-heading has-text-align-center\">Dreil\u00e4nderblick in \u00d6tlingen<\/h3>\n\n\n\n<figure class=\"wp-block-image size-full\"><a href=\"https:\/\/www.greta-hessel.de\/Medienagentur\/wp-content\/uploads\/2023\/11\/GutesLeben-7-Ansich-Dopppelseiten18.jpg\"><img decoding=\"async\" width=\"596\" height=\"596\" data-src=\"https:\/\/www.greta-hessel.de\/Medienagentur\/wp-content\/uploads\/2023\/11\/GutesLeben-7-Ansich-Dopppelseiten18.jpg\" alt=\"\" class=\"wp-image-2151 lazyload\" data-srcset=\"https:\/\/www.greta-hessel.de\/Medienagentur\/wp-content\/uploads\/2023\/11\/GutesLeben-7-Ansich-Dopppelseiten18.jpg 596w, https:\/\/www.greta-hessel.de\/Medienagentur\/wp-content\/uploads\/2023\/11\/GutesLeben-7-Ansich-Dopppelseiten18-300x300.jpg 300w, https:\/\/www.greta-hessel.de\/Medienagentur\/wp-content\/uploads\/2023\/11\/GutesLeben-7-Ansich-Dopppelseiten18-150x150.jpg 150w\" data-sizes=\"(max-width: 596px) 100vw, 596px\" src=\"data:image\/svg+xml;base64,PHN2ZyB3aWR0aD0iMSIgaGVpZ2h0PSIxIiB4bWxucz0iaHR0cDovL3d3dy53My5vcmcvMjAwMC9zdmciPjwvc3ZnPg==\" style=\"--smush-placeholder-width: 596px; --smush-placeholder-aspect-ratio: 596\/596;\" \/><\/a><\/figure>\n\n\n\n<figure class=\"wp-block-image size-full is-resized\"><a href=\"https:\/\/www.greta-hessel.de\/Medienagentur\/wp-content\/uploads\/2023\/11\/GutesLeben-7-Ansich-Dopppelseiten19.jpg\"><img decoding=\"async\" width=\"596\" height=\"596\" data-src=\"https:\/\/www.greta-hessel.de\/Medienagentur\/wp-content\/uploads\/2023\/11\/GutesLeben-7-Ansich-Dopppelseiten19.jpg\" alt=\"\" class=\"wp-image-2153 lazyload\" style=\"--smush-placeholder-width: 596px; --smush-placeholder-aspect-ratio: 596\/596;width:634px;height:auto\" data-srcset=\"https:\/\/www.greta-hessel.de\/Medienagentur\/wp-content\/uploads\/2023\/11\/GutesLeben-7-Ansich-Dopppelseiten19.jpg 596w, https:\/\/www.greta-hessel.de\/Medienagentur\/wp-content\/uploads\/2023\/11\/GutesLeben-7-Ansich-Dopppelseiten19-300x300.jpg 300w, https:\/\/www.greta-hessel.de\/Medienagentur\/wp-content\/uploads\/2023\/11\/GutesLeben-7-Ansich-Dopppelseiten19-150x150.jpg 150w\" data-sizes=\"(max-width: 596px) 100vw, 596px\" src=\"data:image\/svg+xml;base64,PHN2ZyB3aWR0aD0iMSIgaGVpZ2h0PSIxIiB4bWxucz0iaHR0cDovL3d3dy53My5vcmcvMjAwMC9zdmciPjwvc3ZnPg==\" \/><\/a><\/figure>\n\n\n\n<figure class=\"wp-block-image size-full\"><a href=\"https:\/\/www.greta-hessel.de\/Medienagentur\/wp-content\/uploads\/2023\/11\/GutesLeben-7-Ansich-Dopppelseiten38.jpg\"><img decoding=\"async\" width=\"596\" height=\"596\" data-src=\"https:\/\/www.greta-hessel.de\/Medienagentur\/wp-content\/uploads\/2023\/11\/GutesLeben-7-Ansich-Dopppelseiten38.jpg\" alt=\"\" class=\"wp-image-2156 lazyload\" data-srcset=\"https:\/\/www.greta-hessel.de\/Medienagentur\/wp-content\/uploads\/2023\/11\/GutesLeben-7-Ansich-Dopppelseiten38.jpg 596w, https:\/\/www.greta-hessel.de\/Medienagentur\/wp-content\/uploads\/2023\/11\/GutesLeben-7-Ansich-Dopppelseiten38-300x300.jpg 300w, https:\/\/www.greta-hessel.de\/Medienagentur\/wp-content\/uploads\/2023\/11\/GutesLeben-7-Ansich-Dopppelseiten38-150x150.jpg 150w\" data-sizes=\"(max-width: 596px) 100vw, 596px\" src=\"data:image\/svg+xml;base64,PHN2ZyB3aWR0aD0iMSIgaGVpZ2h0PSIxIiB4bWxucz0iaHR0cDovL3d3dy53My5vcmcvMjAwMC9zdmciPjwvc3ZnPg==\" style=\"--smush-placeholder-width: 596px; --smush-placeholder-aspect-ratio: 596\/596;\" \/><\/a><\/figure>\n\n\n\n<figure class=\"wp-block-image size-full\"><a href=\"https:\/\/www.greta-hessel.de\/Medienagentur\/wp-content\/uploads\/2023\/11\/GutesLeben-7-Ansich-Dopppelseiten39.jpg\"><img decoding=\"async\" width=\"596\" height=\"596\" data-src=\"https:\/\/www.greta-hessel.de\/Medienagentur\/wp-content\/uploads\/2023\/11\/GutesLeben-7-Ansich-Dopppelseiten39.jpg\" alt=\"\" class=\"wp-image-2157 lazyload\" data-srcset=\"https:\/\/www.greta-hessel.de\/Medienagentur\/wp-content\/uploads\/2023\/11\/GutesLeben-7-Ansich-Dopppelseiten39.jpg 596w, https:\/\/www.greta-hessel.de\/Medienagentur\/wp-content\/uploads\/2023\/11\/GutesLeben-7-Ansich-Dopppelseiten39-300x300.jpg 300w, https:\/\/www.greta-hessel.de\/Medienagentur\/wp-content\/uploads\/2023\/11\/GutesLeben-7-Ansich-Dopppelseiten39-150x150.jpg 150w\" data-sizes=\"(max-width: 596px) 100vw, 596px\" src=\"data:image\/svg+xml;base64,PHN2ZyB3aWR0aD0iMSIgaGVpZ2h0PSIxIiB4bWxucz0iaHR0cDovL3d3dy53My5vcmcvMjAwMC9zdmciPjwvc3ZnPg==\" style=\"--smush-placeholder-width: 596px; --smush-placeholder-aspect-ratio: 596\/596;\" \/><\/a><\/figure>\n\n\n\n<hr class=\"wp-block-separator has-alpha-channel-opacity\"\/>\n\n\n\n<h3 class=\"wp-block-heading has-text-align-center\">B\u00f6ttcherhof in Heitersheim<\/h3>\n\n\n\n<figure class=\"wp-block-image size-full\"><a href=\"https:\/\/www.greta-hessel.de\/Medienagentur\/wp-content\/uploads\/2023\/11\/GutesLeben-7-Ansich-Dopppelseiten40.jpg\"><img decoding=\"async\" width=\"596\" height=\"596\" data-src=\"https:\/\/www.greta-hessel.de\/Medienagentur\/wp-content\/uploads\/2023\/11\/GutesLeben-7-Ansich-Dopppelseiten40.jpg\" alt=\"\" class=\"wp-image-2159 lazyload\" data-srcset=\"https:\/\/www.greta-hessel.de\/Medienagentur\/wp-content\/uploads\/2023\/11\/GutesLeben-7-Ansich-Dopppelseiten40.jpg 596w, https:\/\/www.greta-hessel.de\/Medienagentur\/wp-content\/uploads\/2023\/11\/GutesLeben-7-Ansich-Dopppelseiten40-300x300.jpg 300w, https:\/\/www.greta-hessel.de\/Medienagentur\/wp-content\/uploads\/2023\/11\/GutesLeben-7-Ansich-Dopppelseiten40-150x150.jpg 150w\" data-sizes=\"(max-width: 596px) 100vw, 596px\" src=\"data:image\/svg+xml;base64,PHN2ZyB3aWR0aD0iMSIgaGVpZ2h0PSIxIiB4bWxucz0iaHR0cDovL3d3dy53My5vcmcvMjAwMC9zdmciPjwvc3ZnPg==\" style=\"--smush-placeholder-width: 596px; --smush-placeholder-aspect-ratio: 596\/596;\" \/><\/a><\/figure>\n\n\n\n<figure class=\"wp-block-image size-full\"><a href=\"https:\/\/www.greta-hessel.de\/Medienagentur\/wp-content\/uploads\/2023\/11\/GutesLeben-7-Ansich-Dopppelseiten41.jpg\"><img decoding=\"async\" width=\"596\" height=\"596\" data-src=\"https:\/\/www.greta-hessel.de\/Medienagentur\/wp-content\/uploads\/2023\/11\/GutesLeben-7-Ansich-Dopppelseiten41.jpg\" alt=\"\" class=\"wp-image-2161 lazyload\" data-srcset=\"https:\/\/www.greta-hessel.de\/Medienagentur\/wp-content\/uploads\/2023\/11\/GutesLeben-7-Ansich-Dopppelseiten41.jpg 596w, https:\/\/www.greta-hessel.de\/Medienagentur\/wp-content\/uploads\/2023\/11\/GutesLeben-7-Ansich-Dopppelseiten41-300x300.jpg 300w, https:\/\/www.greta-hessel.de\/Medienagentur\/wp-content\/uploads\/2023\/11\/GutesLeben-7-Ansich-Dopppelseiten41-150x150.jpg 150w\" data-sizes=\"(max-width: 596px) 100vw, 596px\" src=\"data:image\/svg+xml;base64,PHN2ZyB3aWR0aD0iMSIgaGVpZ2h0PSIxIiB4bWxucz0iaHR0cDovL3d3dy53My5vcmcvMjAwMC9zdmciPjwvc3ZnPg==\" style=\"--smush-placeholder-width: 596px; --smush-placeholder-aspect-ratio: 596\/596;\" \/><\/a><\/figure>\n\n\n\n<figure class=\"wp-block-image size-full\"><a href=\"https:\/\/www.greta-hessel.de\/Medienagentur\/wp-content\/uploads\/2023\/11\/GutesLeben-7-Ansich-Dopppelseiten42.jpg\"><img decoding=\"async\" width=\"596\" height=\"596\" data-src=\"https:\/\/www.greta-hessel.de\/Medienagentur\/wp-content\/uploads\/2023\/11\/GutesLeben-7-Ansich-Dopppelseiten42.jpg\" alt=\"\" class=\"wp-image-2163 lazyload\" data-srcset=\"https:\/\/www.greta-hessel.de\/Medienagentur\/wp-content\/uploads\/2023\/11\/GutesLeben-7-Ansich-Dopppelseiten42.jpg 596w, https:\/\/www.greta-hessel.de\/Medienagentur\/wp-content\/uploads\/2023\/11\/GutesLeben-7-Ansich-Dopppelseiten42-300x300.jpg 300w, https:\/\/www.greta-hessel.de\/Medienagentur\/wp-content\/uploads\/2023\/11\/GutesLeben-7-Ansich-Dopppelseiten42-150x150.jpg 150w\" data-sizes=\"(max-width: 596px) 100vw, 596px\" src=\"data:image\/svg+xml;base64,PHN2ZyB3aWR0aD0iMSIgaGVpZ2h0PSIxIiB4bWxucz0iaHR0cDovL3d3dy53My5vcmcvMjAwMC9zdmciPjwvc3ZnPg==\" style=\"--smush-placeholder-width: 596px; --smush-placeholder-aspect-ratio: 596\/596;\" \/><\/a><\/figure>\n\n\n\n<figure class=\"wp-block-image size-full\"><a href=\"https:\/\/www.greta-hessel.de\/Medienagentur\/wp-content\/uploads\/2023\/11\/GutesLeben-7-Ansich-Dopppelseiten43.jpg\"><img decoding=\"async\" width=\"596\" height=\"596\" data-src=\"https:\/\/www.greta-hessel.de\/Medienagentur\/wp-content\/uploads\/2023\/11\/GutesLeben-7-Ansich-Dopppelseiten43.jpg\" alt=\"\" class=\"wp-image-2165 lazyload\" data-srcset=\"https:\/\/www.greta-hessel.de\/Medienagentur\/wp-content\/uploads\/2023\/11\/GutesLeben-7-Ansich-Dopppelseiten43.jpg 596w, https:\/\/www.greta-hessel.de\/Medienagentur\/wp-content\/uploads\/2023\/11\/GutesLeben-7-Ansich-Dopppelseiten43-300x300.jpg 300w, https:\/\/www.greta-hessel.de\/Medienagentur\/wp-content\/uploads\/2023\/11\/GutesLeben-7-Ansich-Dopppelseiten43-150x150.jpg 150w\" data-sizes=\"(max-width: 596px) 100vw, 596px\" src=\"data:image\/svg+xml;base64,PHN2ZyB3aWR0aD0iMSIgaGVpZ2h0PSIxIiB4bWxucz0iaHR0cDovL3d3dy53My5vcmcvMjAwMC9zdmciPjwvc3ZnPg==\" style=\"--smush-placeholder-width: 596px; --smush-placeholder-aspect-ratio: 596\/596;\" \/><\/a><\/figure>\n\n\n\n<figure class=\"wp-block-image size-full\"><a href=\"https:\/\/www.greta-hessel.de\/Medienagentur\/wp-content\/uploads\/2023\/11\/Buechin.jpg\"><img decoding=\"async\" width=\"794\" height=\"794\" data-src=\"https:\/\/www.greta-hessel.de\/Medienagentur\/wp-content\/uploads\/2023\/11\/Buechin.jpg\" alt=\"\" class=\"wp-image-2194 lazyload\" data-srcset=\"https:\/\/www.greta-hessel.de\/Medienagentur\/wp-content\/uploads\/2023\/11\/Buechin.jpg 794w, https:\/\/www.greta-hessel.de\/Medienagentur\/wp-content\/uploads\/2023\/11\/Buechin-300x300.jpg 300w, https:\/\/www.greta-hessel.de\/Medienagentur\/wp-content\/uploads\/2023\/11\/Buechin-150x150.jpg 150w, https:\/\/www.greta-hessel.de\/Medienagentur\/wp-content\/uploads\/2023\/11\/Buechin-768x768.jpg 768w\" data-sizes=\"(max-width: 794px) 100vw, 794px\" src=\"data:image\/svg+xml;base64,PHN2ZyB3aWR0aD0iMSIgaGVpZ2h0PSIxIiB4bWxucz0iaHR0cDovL3d3dy53My5vcmcvMjAwMC9zdmciPjwvc3ZnPg==\" style=\"--smush-placeholder-width: 794px; --smush-placeholder-aspect-ratio: 794\/794;\" \/><\/a><\/figure>\n","protected":false},"excerpt":{"rendered":"<p>F\u00fcnfschilling in Fischingen B\u00e4ckerei Kotz in M\u00fcllheim Kreiterhof in Wollbach Weingut Lampp in Heitersheim Hotel Tanne in Fischingen Therme in Badenweiler Eberhardt in Badenweiler Gr\u00fcner Baum in Badenweiler Hirschen in Klein-Wiesental M\u00fchle in Gersbach Hirschen in Sallneck Waldhorn in Brombach Dreil\u00e4nderblick in \u00d6tlingen B\u00f6ttcherhof in Heitersheim<\/p>\n","protected":false},"author":1,"featured_media":0,"parent":0,"menu_order":0,"comment_status":"closed","ping_status":"closed","template":"","meta":{"_exactmetrics_skip_tracking":false,"_exactmetrics_sitenote_active":false,"_exactmetrics_sitenote_note":"","_exactmetrics_sitenote_category":0,"footnotes":""},"class_list":["post-2008","page","type-page","status-publish","hentry"],"_links":{"self":[{"href":"https:\/\/www.greta-hessel.de\/Medienagentur\/wp-json\/wp\/v2\/pages\/2008","targetHints":{"allow":["GET"]}}],"collection":[{"href":"https:\/\/www.greta-hessel.de\/Medienagentur\/wp-json\/wp\/v2\/pages"}],"about":[{"href":"https:\/\/www.greta-hessel.de\/Medienagentur\/wp-json\/wp\/v2\/types\/page"}],"author":[{"embeddable":true,"href":"https:\/\/www.greta-hessel.de\/Medienagentur\/wp-json\/wp\/v2\/users\/1"}],"replies":[{"embeddable":true,"href":"https:\/\/www.greta-hessel.de\/Medienagentur\/wp-json\/wp\/v2\/comments?post=2008"}],"version-history":[{"count":23,"href":"https:\/\/www.greta-hessel.de\/Medienagentur\/wp-json\/wp\/v2\/pages\/2008\/revisions"}],"predecessor-version":[{"id":2226,"href":"https:\/\/www.greta-hessel.de\/Medienagentur\/wp-json\/wp\/v2\/pages\/2008\/revisions\/2226"}],"wp:attachment":[{"href":"https:\/\/www.greta-hessel.de\/Medienagentur\/wp-json\/wp\/v2\/media?parent=2008"}],"curies":[{"name":"wp","href":"https:\/\/api.w.org\/{rel}","templated":true}]}}