{"id":2230,"date":"2023-11-11T10:14:16","date_gmt":"2023-11-11T09:14:16","guid":{"rendered":"https:\/\/www.greta-hessel.de\/Medienagentur\/?page_id=2230"},"modified":"2023-11-11T15:42:17","modified_gmt":"2023-11-11T14:42:17","slug":"reiseblog","status":"publish","type":"page","link":"https:\/\/www.greta-hessel.de\/Medienagentur\/reiseblog\/","title":{"rendered":"Schwarzwald"},"content":{"rendered":"\n<h3 class=\"wp-block-heading has-text-align-center\">Baiersbronn. Hotel Bareiss und Traube Tonbach<\/h3>\n\n\n\n<figure class=\"wp-block-image size-full\"><a href=\"https:\/\/www.greta-hessel.de\/Medienagentur\/wp-content\/uploads\/2023\/10\/image-19.png\"><img decoding=\"async\" width=\"745\" height=\"1024\" data-src=\"https:\/\/www.greta-hessel.de\/Medienagentur\/wp-content\/uploads\/2023\/10\/image-19.png\" alt=\"\" class=\"wp-image-1928 lazyload\" data-srcset=\"https:\/\/www.greta-hessel.de\/Medienagentur\/wp-content\/uploads\/2023\/10\/image-19.png 745w, https:\/\/www.greta-hessel.de\/Medienagentur\/wp-content\/uploads\/2023\/10\/image-19-218x300.png 218w\" data-sizes=\"(max-width: 745px) 100vw, 745px\" src=\"data:image\/svg+xml;base64,PHN2ZyB3aWR0aD0iMSIgaGVpZ2h0PSIxIiB4bWxucz0iaHR0cDovL3d3dy53My5vcmcvMjAwMC9zdmciPjwvc3ZnPg==\" style=\"--smush-placeholder-width: 745px; --smush-placeholder-aspect-ratio: 745\/1024;\" \/><\/a><\/figure>\n\n\n\n<figure class=\"wp-block-image size-full\"><a href=\"https:\/\/www.greta-hessel.de\/Medienagentur\/wp-content\/uploads\/2023\/10\/image-18.png\"><img decoding=\"async\" width=\"739\" height=\"1024\" data-src=\"https:\/\/www.greta-hessel.de\/Medienagentur\/wp-content\/uploads\/2023\/10\/image-18.png\" alt=\"\" class=\"wp-image-1927 lazyload\" data-srcset=\"https:\/\/www.greta-hessel.de\/Medienagentur\/wp-content\/uploads\/2023\/10\/image-18.png 739w, https:\/\/www.greta-hessel.de\/Medienagentur\/wp-content\/uploads\/2023\/10\/image-18-217x300.png 217w\" data-sizes=\"(max-width: 739px) 100vw, 739px\" src=\"data:image\/svg+xml;base64,PHN2ZyB3aWR0aD0iMSIgaGVpZ2h0PSIxIiB4bWxucz0iaHR0cDovL3d3dy53My5vcmcvMjAwMC9zdmciPjwvc3ZnPg==\" style=\"--smush-placeholder-width: 739px; --smush-placeholder-aspect-ratio: 739\/1024;\" \/><\/a><\/figure>\n\n\n\n<hr class=\"wp-block-separator has-alpha-channel-opacity\"\/>\n\n\n\n<h3 class=\"wp-block-heading has-text-align-center\">H\u00fcttenkult im Schwarzwald<\/h3>\n\n\n\n<figure class=\"wp-block-image size-full\"><a href=\"https:\/\/www.greta-hessel.de\/Medienagentur\/wp-content\/uploads\/2023\/10\/image-7.png\"><img decoding=\"async\" width=\"595\" height=\"842\" data-src=\"https:\/\/www.greta-hessel.de\/Medienagentur\/wp-content\/uploads\/2023\/10\/image-7.png\" alt=\"\" class=\"wp-image-1888 lazyload\" data-srcset=\"https:\/\/www.greta-hessel.de\/Medienagentur\/wp-content\/uploads\/2023\/10\/image-7.png 595w, https:\/\/www.greta-hessel.de\/Medienagentur\/wp-content\/uploads\/2023\/10\/image-7-212x300.png 212w\" data-sizes=\"(max-width: 595px) 100vw, 595px\" src=\"data:image\/svg+xml;base64,PHN2ZyB3aWR0aD0iMSIgaGVpZ2h0PSIxIiB4bWxucz0iaHR0cDovL3d3dy53My5vcmcvMjAwMC9zdmciPjwvc3ZnPg==\" style=\"--smush-placeholder-width: 595px; --smush-placeholder-aspect-ratio: 595\/842;\" \/><\/a><\/figure>\n\n\n\n<figure class=\"wp-block-image size-full is-resized\"><a href=\"https:\/\/www.greta-hessel.de\/Medienagentur\/wp-content\/uploads\/2023\/10\/image-6.png\"><img decoding=\"async\" width=\"595\" height=\"842\" data-src=\"https:\/\/www.greta-hessel.de\/Medienagentur\/wp-content\/uploads\/2023\/10\/image-6.png\" alt=\"\" class=\"wp-image-1885 lazyload\" style=\"--smush-placeholder-width: 595px; --smush-placeholder-aspect-ratio: 595\/842;width:634px;height:auto\" data-srcset=\"https:\/\/www.greta-hessel.de\/Medienagentur\/wp-content\/uploads\/2023\/10\/image-6.png 595w, https:\/\/www.greta-hessel.de\/Medienagentur\/wp-content\/uploads\/2023\/10\/image-6-212x300.png 212w\" data-sizes=\"(max-width: 595px) 100vw, 595px\" src=\"data:image\/svg+xml;base64,PHN2ZyB3aWR0aD0iMSIgaGVpZ2h0PSIxIiB4bWxucz0iaHR0cDovL3d3dy53My5vcmcvMjAwMC9zdmciPjwvc3ZnPg==\" \/><\/a><\/figure>\n\n\n\n<hr class=\"wp-block-separator has-alpha-channel-opacity\"\/>\n\n\n\n<h3 class=\"wp-block-heading has-text-align-center\">Kniebish\u00fctte<\/h3>\n\n\n\n<figure class=\"wp-block-image size-large\"><a href=\"https:\/\/www.greta-hessel.de\/Medienagentur\/wp-content\/uploads\/2023\/11\/Huette1-scaled.jpg\"><img decoding=\"async\" width=\"731\" height=\"1024\" data-src=\"https:\/\/www.greta-hessel.de\/Medienagentur\/wp-content\/uploads\/2023\/11\/Huette1-731x1024.jpg\" alt=\"\" class=\"wp-image-2291 lazyload\" data-srcset=\"https:\/\/www.greta-hessel.de\/Medienagentur\/wp-content\/uploads\/2023\/11\/Huette1-731x1024.jpg 731w, https:\/\/www.greta-hessel.de\/Medienagentur\/wp-content\/uploads\/2023\/11\/Huette1-214x300.jpg 214w, https:\/\/www.greta-hessel.de\/Medienagentur\/wp-content\/uploads\/2023\/11\/Huette1-768x1076.jpg 768w, https:\/\/www.greta-hessel.de\/Medienagentur\/wp-content\/uploads\/2023\/11\/Huette1-1096x1536.jpg 1096w, https:\/\/www.greta-hessel.de\/Medienagentur\/wp-content\/uploads\/2023\/11\/Huette1-1462x2048.jpg 1462w, https:\/\/www.greta-hessel.de\/Medienagentur\/wp-content\/uploads\/2023\/11\/Huette1-scaled.jpg 1827w\" data-sizes=\"(max-width: 731px) 100vw, 731px\" src=\"data:image\/svg+xml;base64,PHN2ZyB3aWR0aD0iMSIgaGVpZ2h0PSIxIiB4bWxucz0iaHR0cDovL3d3dy53My5vcmcvMjAwMC9zdmciPjwvc3ZnPg==\" style=\"--smush-placeholder-width: 731px; --smush-placeholder-aspect-ratio: 731\/1024;\" \/><\/a><\/figure>\n\n\n\n<hr class=\"wp-block-separator has-alpha-channel-opacity\"\/>\n\n\n\n<h3 class=\"wp-block-heading has-text-align-center\">Blockh\u00fctte Traube Tonbach<\/h3>\n\n\n\n<figure class=\"wp-block-image size-large\"><a href=\"https:\/\/www.greta-hessel.de\/Medienagentur\/wp-content\/uploads\/2023\/11\/huette3-scaled.jpg\"><img decoding=\"async\" width=\"732\" height=\"1024\" data-src=\"https:\/\/www.greta-hessel.de\/Medienagentur\/wp-content\/uploads\/2023\/11\/huette3-732x1024.jpg\" alt=\"\" class=\"wp-image-2294 lazyload\" data-srcset=\"https:\/\/www.greta-hessel.de\/Medienagentur\/wp-content\/uploads\/2023\/11\/huette3-732x1024.jpg 732w, https:\/\/www.greta-hessel.de\/Medienagentur\/wp-content\/uploads\/2023\/11\/huette3-214x300.jpg 214w, https:\/\/www.greta-hessel.de\/Medienagentur\/wp-content\/uploads\/2023\/11\/huette3-768x1074.jpg 768w, https:\/\/www.greta-hessel.de\/Medienagentur\/wp-content\/uploads\/2023\/11\/huette3-1098x1536.jpg 1098w, https:\/\/www.greta-hessel.de\/Medienagentur\/wp-content\/uploads\/2023\/11\/huette3-1464x2048.jpg 1464w, https:\/\/www.greta-hessel.de\/Medienagentur\/wp-content\/uploads\/2023\/11\/huette3-scaled.jpg 1830w\" data-sizes=\"(max-width: 732px) 100vw, 732px\" src=\"data:image\/svg+xml;base64,PHN2ZyB3aWR0aD0iMSIgaGVpZ2h0PSIxIiB4bWxucz0iaHR0cDovL3d3dy53My5vcmcvMjAwMC9zdmciPjwvc3ZnPg==\" style=\"--smush-placeholder-width: 732px; --smush-placeholder-aspect-ratio: 732\/1024;\" \/><\/a><\/figure>\n\n\n\n<hr class=\"wp-block-separator has-alpha-channel-opacity\"\/>\n\n\n\n<h3 class=\"wp-block-heading has-text-align-center\">Satteleih\u00fctte von Hotel Bareiss<\/h3>\n\n\n\n<figure class=\"wp-block-image size-large\"><a href=\"https:\/\/www.greta-hessel.de\/Medienagentur\/wp-content\/uploads\/2023\/11\/huette4-scaled.jpg\"><img decoding=\"async\" width=\"736\" height=\"1024\" data-src=\"https:\/\/www.greta-hessel.de\/Medienagentur\/wp-content\/uploads\/2023\/11\/huette4-736x1024.jpg\" alt=\"\" class=\"wp-image-2298 lazyload\" data-srcset=\"https:\/\/www.greta-hessel.de\/Medienagentur\/wp-content\/uploads\/2023\/11\/huette4-736x1024.jpg 736w, https:\/\/www.greta-hessel.de\/Medienagentur\/wp-content\/uploads\/2023\/11\/huette4-216x300.jpg 216w, https:\/\/www.greta-hessel.de\/Medienagentur\/wp-content\/uploads\/2023\/11\/huette4-768x1069.jpg 768w, https:\/\/www.greta-hessel.de\/Medienagentur\/wp-content\/uploads\/2023\/11\/huette4-1104x1536.jpg 1104w, https:\/\/www.greta-hessel.de\/Medienagentur\/wp-content\/uploads\/2023\/11\/huette4-1472x2048.jpg 1472w, https:\/\/www.greta-hessel.de\/Medienagentur\/wp-content\/uploads\/2023\/11\/huette4-scaled.jpg 1840w\" data-sizes=\"(max-width: 736px) 100vw, 736px\" src=\"data:image\/svg+xml;base64,PHN2ZyB3aWR0aD0iMSIgaGVpZ2h0PSIxIiB4bWxucz0iaHR0cDovL3d3dy53My5vcmcvMjAwMC9zdmciPjwvc3ZnPg==\" style=\"--smush-placeholder-width: 736px; --smush-placeholder-aspect-ratio: 736\/1024;\" \/><\/a><\/figure>\n\n\n\n<hr class=\"wp-block-separator has-alpha-channel-opacity\"\/>\n\n\n\n<h3 class=\"wp-block-heading has-text-align-center\">Panoramast\u00fcble von Hotel L\u00f6wen<\/h3>\n\n\n\n<figure class=\"wp-block-image size-large\"><a href=\"https:\/\/www.greta-hessel.de\/Medienagentur\/wp-content\/uploads\/2023\/11\/huette5-scaled.jpg\"><img decoding=\"async\" width=\"733\" height=\"1024\" data-src=\"https:\/\/www.greta-hessel.de\/Medienagentur\/wp-content\/uploads\/2023\/11\/huette5-733x1024.jpg\" alt=\"\" class=\"wp-image-2301 lazyload\" data-srcset=\"https:\/\/www.greta-hessel.de\/Medienagentur\/wp-content\/uploads\/2023\/11\/huette5-733x1024.jpg 733w, https:\/\/www.greta-hessel.de\/Medienagentur\/wp-content\/uploads\/2023\/11\/huette5-215x300.jpg 215w, https:\/\/www.greta-hessel.de\/Medienagentur\/wp-content\/uploads\/2023\/11\/huette5-768x1072.jpg 768w, https:\/\/www.greta-hessel.de\/Medienagentur\/wp-content\/uploads\/2023\/11\/huette5-1100x1536.jpg 1100w, https:\/\/www.greta-hessel.de\/Medienagentur\/wp-content\/uploads\/2023\/11\/huette5-1467x2048.jpg 1467w, https:\/\/www.greta-hessel.de\/Medienagentur\/wp-content\/uploads\/2023\/11\/huette5-scaled.jpg 1834w\" data-sizes=\"(max-width: 733px) 100vw, 733px\" src=\"data:image\/svg+xml;base64,PHN2ZyB3aWR0aD0iMSIgaGVpZ2h0PSIxIiB4bWxucz0iaHR0cDovL3d3dy53My5vcmcvMjAwMC9zdmciPjwvc3ZnPg==\" style=\"--smush-placeholder-width: 733px; --smush-placeholder-aspect-ratio: 733\/1024;\" \/><\/a><\/figure>\n\n\n\n<hr class=\"wp-block-separator has-alpha-channel-opacity\"\/>\n\n\n\n<h3 class=\"wp-block-heading has-text-align-center\">Renchtalh\u00fctte von Hotel Dollenberg<\/h3>\n\n\n\n<figure class=\"wp-block-image size-large\"><a href=\"https:\/\/www.greta-hessel.de\/Medienagentur\/wp-content\/uploads\/2023\/11\/huette2-scaled.jpg\"><img decoding=\"async\" width=\"739\" height=\"1024\" data-src=\"https:\/\/www.greta-hessel.de\/Medienagentur\/wp-content\/uploads\/2023\/11\/huette2-739x1024.jpg\" alt=\"\" class=\"wp-image-2304 lazyload\" data-srcset=\"https:\/\/www.greta-hessel.de\/Medienagentur\/wp-content\/uploads\/2023\/11\/huette2-739x1024.jpg 739w, https:\/\/www.greta-hessel.de\/Medienagentur\/wp-content\/uploads\/2023\/11\/huette2-216x300.jpg 216w, https:\/\/www.greta-hessel.de\/Medienagentur\/wp-content\/uploads\/2023\/11\/huette2-768x1065.jpg 768w, https:\/\/www.greta-hessel.de\/Medienagentur\/wp-content\/uploads\/2023\/11\/huette2-1108x1536.jpg 1108w, https:\/\/www.greta-hessel.de\/Medienagentur\/wp-content\/uploads\/2023\/11\/huette2-1477x2048.jpg 1477w, https:\/\/www.greta-hessel.de\/Medienagentur\/wp-content\/uploads\/2023\/11\/huette2-scaled.jpg 1847w\" data-sizes=\"(max-width: 739px) 100vw, 739px\" src=\"data:image\/svg+xml;base64,PHN2ZyB3aWR0aD0iMSIgaGVpZ2h0PSIxIiB4bWxucz0iaHR0cDovL3d3dy53My5vcmcvMjAwMC9zdmciPjwvc3ZnPg==\" style=\"--smush-placeholder-width: 739px; --smush-placeholder-aspect-ratio: 739\/1024;\" \/><\/a><\/figure>\n\n\n\n<hr class=\"wp-block-separator has-alpha-channel-opacity\"\/>\n\n\n\n<h3 class=\"wp-block-heading has-text-align-center\"><strong>5 Sterne Superior Schwarzwald-Hotel Dollenberg<\/strong><\/h3>\n\n\n\n<figure class=\"wp-block-image size-full\"><a href=\"https:\/\/www.greta-hessel.de\/Medienagentur\/wp-content\/uploads\/2023\/11\/gl0115_alleS_einzeln12.jpg\"><img decoding=\"async\" width=\"596\" height=\"842\" data-src=\"https:\/\/www.greta-hessel.de\/Medienagentur\/wp-content\/uploads\/2023\/11\/gl0115_alleS_einzeln12.jpg\" alt=\"\" class=\"wp-image-2173 lazyload\" data-srcset=\"https:\/\/www.greta-hessel.de\/Medienagentur\/wp-content\/uploads\/2023\/11\/gl0115_alleS_einzeln12.jpg 596w, https:\/\/www.greta-hessel.de\/Medienagentur\/wp-content\/uploads\/2023\/11\/gl0115_alleS_einzeln12-212x300.jpg 212w\" data-sizes=\"(max-width: 596px) 100vw, 596px\" src=\"data:image\/svg+xml;base64,PHN2ZyB3aWR0aD0iMSIgaGVpZ2h0PSIxIiB4bWxucz0iaHR0cDovL3d3dy53My5vcmcvMjAwMC9zdmciPjwvc3ZnPg==\" style=\"--smush-placeholder-width: 596px; --smush-placeholder-aspect-ratio: 596\/842;\" \/><\/a><\/figure>\n\n\n\n<hr class=\"wp-block-separator has-alpha-channel-opacity\"\/>\n\n\n\n<h3 class=\"wp-block-heading has-text-align-center\">Die Fallers im Hotel Dollenberg<\/h3>\n\n\n\n<figure class=\"wp-block-image size-large\"><a href=\"https:\/\/www.greta-hessel.de\/Medienagentur\/wp-content\/uploads\/2023\/11\/Unbenannt-34g-scaled.jpg\"><img decoding=\"async\" width=\"724\" height=\"1024\" data-src=\"https:\/\/www.greta-hessel.de\/Medienagentur\/wp-content\/uploads\/2023\/11\/Unbenannt-34g-724x1024.jpg\" alt=\"\" class=\"wp-image-2259 lazyload\" data-srcset=\"https:\/\/www.greta-hessel.de\/Medienagentur\/wp-content\/uploads\/2023\/11\/Unbenannt-34g-724x1024.jpg 724w, https:\/\/www.greta-hessel.de\/Medienagentur\/wp-content\/uploads\/2023\/11\/Unbenannt-34g-212x300.jpg 212w, https:\/\/www.greta-hessel.de\/Medienagentur\/wp-content\/uploads\/2023\/11\/Unbenannt-34g-768x1086.jpg 768w, https:\/\/www.greta-hessel.de\/Medienagentur\/wp-content\/uploads\/2023\/11\/Unbenannt-34g-1086x1536.jpg 1086w, https:\/\/www.greta-hessel.de\/Medienagentur\/wp-content\/uploads\/2023\/11\/Unbenannt-34g-1448x2048.jpg 1448w, https:\/\/www.greta-hessel.de\/Medienagentur\/wp-content\/uploads\/2023\/11\/Unbenannt-34g-scaled.jpg 1810w\" data-sizes=\"(max-width: 724px) 100vw, 724px\" src=\"data:image\/svg+xml;base64,PHN2ZyB3aWR0aD0iMSIgaGVpZ2h0PSIxIiB4bWxucz0iaHR0cDovL3d3dy53My5vcmcvMjAwMC9zdmciPjwvc3ZnPg==\" style=\"--smush-placeholder-width: 724px; --smush-placeholder-aspect-ratio: 724\/1024;\" \/><\/a><\/figure>\n\n\n\n<figure class=\"wp-block-image size-large\"><a href=\"https:\/\/www.greta-hessel.de\/Medienagentur\/wp-content\/uploads\/2023\/11\/dolle-1-scaled.jpg\"><img decoding=\"async\" width=\"735\" height=\"1024\" data-src=\"https:\/\/www.greta-hessel.de\/Medienagentur\/wp-content\/uploads\/2023\/11\/dolle-1-735x1024.jpg\" alt=\"\" class=\"wp-image-2263 lazyload\" data-srcset=\"https:\/\/www.greta-hessel.de\/Medienagentur\/wp-content\/uploads\/2023\/11\/dolle-1-735x1024.jpg 735w, https:\/\/www.greta-hessel.de\/Medienagentur\/wp-content\/uploads\/2023\/11\/dolle-1-215x300.jpg 215w, https:\/\/www.greta-hessel.de\/Medienagentur\/wp-content\/uploads\/2023\/11\/dolle-1-768x1070.jpg 768w, https:\/\/www.greta-hessel.de\/Medienagentur\/wp-content\/uploads\/2023\/11\/dolle-1-1102x1536.jpg 1102w, https:\/\/www.greta-hessel.de\/Medienagentur\/wp-content\/uploads\/2023\/11\/dolle-1-1469x2048.jpg 1469w, https:\/\/www.greta-hessel.de\/Medienagentur\/wp-content\/uploads\/2023\/11\/dolle-1-scaled.jpg 1837w\" data-sizes=\"(max-width: 735px) 100vw, 735px\" src=\"data:image\/svg+xml;base64,PHN2ZyB3aWR0aD0iMSIgaGVpZ2h0PSIxIiB4bWxucz0iaHR0cDovL3d3dy53My5vcmcvMjAwMC9zdmciPjwvc3ZnPg==\" style=\"--smush-placeholder-width: 735px; --smush-placeholder-aspect-ratio: 735\/1024;\" \/><\/a><\/figure>\n\n\n\n<hr class=\"wp-block-separator has-alpha-channel-opacity\"\/>\n\n\n\n<h3 class=\"wp-block-heading has-text-align-center\">Wellness &amp; Spa im Schwarzwald<\/h3>\n\n\n\n<figure class=\"wp-block-image size-large\"><a href=\"https:\/\/www.greta-hessel.de\/Medienagentur\/wp-content\/uploads\/2023\/11\/spa1-scaled.jpg\"><img decoding=\"async\" width=\"737\" height=\"1024\" data-src=\"https:\/\/www.greta-hessel.de\/Medienagentur\/wp-content\/uploads\/2023\/11\/spa1-737x1024.jpg\" alt=\"\" class=\"wp-image-2266 lazyload\" data-srcset=\"https:\/\/www.greta-hessel.de\/Medienagentur\/wp-content\/uploads\/2023\/11\/spa1-737x1024.jpg 737w, https:\/\/www.greta-hessel.de\/Medienagentur\/wp-content\/uploads\/2023\/11\/spa1-216x300.jpg 216w, https:\/\/www.greta-hessel.de\/Medienagentur\/wp-content\/uploads\/2023\/11\/spa1-768x1066.jpg 768w, https:\/\/www.greta-hessel.de\/Medienagentur\/wp-content\/uploads\/2023\/11\/spa1-1106x1536.jpg 1106w, https:\/\/www.greta-hessel.de\/Medienagentur\/wp-content\/uploads\/2023\/11\/spa1-1475x2048.jpg 1475w, https:\/\/www.greta-hessel.de\/Medienagentur\/wp-content\/uploads\/2023\/11\/spa1-scaled.jpg 1844w\" data-sizes=\"(max-width: 737px) 100vw, 737px\" src=\"data:image\/svg+xml;base64,PHN2ZyB3aWR0aD0iMSIgaGVpZ2h0PSIxIiB4bWxucz0iaHR0cDovL3d3dy53My5vcmcvMjAwMC9zdmciPjwvc3ZnPg==\" style=\"--smush-placeholder-width: 737px; --smush-placeholder-aspect-ratio: 737\/1024;\" \/><\/a><\/figure>\n\n\n\n<figure class=\"wp-block-image size-large\"><a href=\"https:\/\/www.greta-hessel.de\/Medienagentur\/wp-content\/uploads\/2023\/11\/spa2-scaled.jpg\"><img decoding=\"async\" width=\"739\" height=\"1024\" data-src=\"https:\/\/www.greta-hessel.de\/Medienagentur\/wp-content\/uploads\/2023\/11\/spa2-739x1024.jpg\" alt=\"\" class=\"wp-image-2268 lazyload\" data-srcset=\"https:\/\/www.greta-hessel.de\/Medienagentur\/wp-content\/uploads\/2023\/11\/spa2-739x1024.jpg 739w, https:\/\/www.greta-hessel.de\/Medienagentur\/wp-content\/uploads\/2023\/11\/spa2-216x300.jpg 216w, https:\/\/www.greta-hessel.de\/Medienagentur\/wp-content\/uploads\/2023\/11\/spa2-768x1065.jpg 768w, https:\/\/www.greta-hessel.de\/Medienagentur\/wp-content\/uploads\/2023\/11\/spa2-1108x1536.jpg 1108w, https:\/\/www.greta-hessel.de\/Medienagentur\/wp-content\/uploads\/2023\/11\/spa2-1477x2048.jpg 1477w, https:\/\/www.greta-hessel.de\/Medienagentur\/wp-content\/uploads\/2023\/11\/spa2-scaled.jpg 1847w\" data-sizes=\"(max-width: 739px) 100vw, 739px\" src=\"data:image\/svg+xml;base64,PHN2ZyB3aWR0aD0iMSIgaGVpZ2h0PSIxIiB4bWxucz0iaHR0cDovL3d3dy53My5vcmcvMjAwMC9zdmciPjwvc3ZnPg==\" style=\"--smush-placeholder-width: 739px; --smush-placeholder-aspect-ratio: 739\/1024;\" \/><\/a><\/figure>\n\n\n\n<figure class=\"wp-block-image size-large\"><a href=\"https:\/\/www.greta-hessel.de\/Medienagentur\/wp-content\/uploads\/2023\/11\/spa3-scaled.jpg\"><img decoding=\"async\" width=\"739\" height=\"1024\" data-src=\"https:\/\/www.greta-hessel.de\/Medienagentur\/wp-content\/uploads\/2023\/11\/spa3-739x1024.jpg\" alt=\"\" class=\"wp-image-2269 lazyload\" data-srcset=\"https:\/\/www.greta-hessel.de\/Medienagentur\/wp-content\/uploads\/2023\/11\/spa3-739x1024.jpg 739w, https:\/\/www.greta-hessel.de\/Medienagentur\/wp-content\/uploads\/2023\/11\/spa3-216x300.jpg 216w, https:\/\/www.greta-hessel.de\/Medienagentur\/wp-content\/uploads\/2023\/11\/spa3-768x1065.jpg 768w, https:\/\/www.greta-hessel.de\/Medienagentur\/wp-content\/uploads\/2023\/11\/spa3-1108x1536.jpg 1108w, https:\/\/www.greta-hessel.de\/Medienagentur\/wp-content\/uploads\/2023\/11\/spa3-1477x2048.jpg 1477w, https:\/\/www.greta-hessel.de\/Medienagentur\/wp-content\/uploads\/2023\/11\/spa3-scaled.jpg 1847w\" data-sizes=\"(max-width: 739px) 100vw, 739px\" src=\"data:image\/svg+xml;base64,PHN2ZyB3aWR0aD0iMSIgaGVpZ2h0PSIxIiB4bWxucz0iaHR0cDovL3d3dy53My5vcmcvMjAwMC9zdmciPjwvc3ZnPg==\" style=\"--smush-placeholder-width: 739px; --smush-placeholder-aspect-ratio: 739\/1024;\" \/><\/a><\/figure>\n\n\n\n<hr class=\"wp-block-separator has-alpha-channel-opacity\"\/>\n\n\n\n<h3 class=\"wp-block-heading has-text-align-center\">Der Ortenauer Weinpfad<\/h3>\n\n\n\n<figure class=\"wp-block-image size-full\"><a href=\"https:\/\/www.greta-hessel.de\/Medienagentur\/wp-content\/uploads\/2023\/11\/ortenau.jpg\"><img decoding=\"async\" width=\"700\" height=\"979\" data-src=\"https:\/\/www.greta-hessel.de\/Medienagentur\/wp-content\/uploads\/2023\/11\/ortenau.jpg\" alt=\"\" class=\"wp-image-2272 lazyload\" data-srcset=\"https:\/\/www.greta-hessel.de\/Medienagentur\/wp-content\/uploads\/2023\/11\/ortenau.jpg 700w, https:\/\/www.greta-hessel.de\/Medienagentur\/wp-content\/uploads\/2023\/11\/ortenau-215x300.jpg 215w\" data-sizes=\"(max-width: 700px) 100vw, 700px\" src=\"data:image\/svg+xml;base64,PHN2ZyB3aWR0aD0iMSIgaGVpZ2h0PSIxIiB4bWxucz0iaHR0cDovL3d3dy53My5vcmcvMjAwMC9zdmciPjwvc3ZnPg==\" style=\"--smush-placeholder-width: 700px; --smush-placeholder-aspect-ratio: 700\/979;\" \/><\/a><\/figure>\n\n\n\n<figure class=\"wp-block-image size-large\"><a href=\"https:\/\/www.greta-hessel.de\/Medienagentur\/wp-content\/uploads\/2023\/11\/ortenau1-scaled.jpg\"><img decoding=\"async\" width=\"698\" height=\"1024\" data-src=\"https:\/\/www.greta-hessel.de\/Medienagentur\/wp-content\/uploads\/2023\/11\/ortenau1-698x1024.jpg\" alt=\"\" class=\"wp-image-2273 lazyload\" data-srcset=\"https:\/\/www.greta-hessel.de\/Medienagentur\/wp-content\/uploads\/2023\/11\/ortenau1-698x1024.jpg 698w, https:\/\/www.greta-hessel.de\/Medienagentur\/wp-content\/uploads\/2023\/11\/ortenau1-204x300.jpg 204w, https:\/\/www.greta-hessel.de\/Medienagentur\/wp-content\/uploads\/2023\/11\/ortenau1-768x1127.jpg 768w, https:\/\/www.greta-hessel.de\/Medienagentur\/wp-content\/uploads\/2023\/11\/ortenau1-1047x1536.jpg 1047w, https:\/\/www.greta-hessel.de\/Medienagentur\/wp-content\/uploads\/2023\/11\/ortenau1-1395x2048.jpg 1395w, https:\/\/www.greta-hessel.de\/Medienagentur\/wp-content\/uploads\/2023\/11\/ortenau1-scaled.jpg 1744w\" data-sizes=\"(max-width: 698px) 100vw, 698px\" src=\"data:image\/svg+xml;base64,PHN2ZyB3aWR0aD0iMSIgaGVpZ2h0PSIxIiB4bWxucz0iaHR0cDovL3d3dy53My5vcmcvMjAwMC9zdmciPjwvc3ZnPg==\" style=\"--smush-placeholder-width: 698px; --smush-placeholder-aspect-ratio: 698\/1024;\" \/><\/a><\/figure>\n\n\n\n<hr class=\"wp-block-separator has-alpha-channel-opacity\"\/>\n\n\n\n<h3 class=\"wp-block-heading has-text-align-center\">Der Kandelh\u00f6henweg<\/h3>\n\n\n\n<figure class=\"wp-block-image size-large\"><a href=\"https:\/\/www.greta-hessel.de\/Medienagentur\/wp-content\/uploads\/2023\/11\/kandelweg-scaled.jpg\"><img decoding=\"async\" width=\"737\" height=\"1024\" data-src=\"https:\/\/www.greta-hessel.de\/Medienagentur\/wp-content\/uploads\/2023\/11\/kandelweg-737x1024.jpg\" alt=\"\" class=\"wp-image-2276 lazyload\" data-srcset=\"https:\/\/www.greta-hessel.de\/Medienagentur\/wp-content\/uploads\/2023\/11\/kandelweg-737x1024.jpg 737w, https:\/\/www.greta-hessel.de\/Medienagentur\/wp-content\/uploads\/2023\/11\/kandelweg-216x300.jpg 216w, https:\/\/www.greta-hessel.de\/Medienagentur\/wp-content\/uploads\/2023\/11\/kandelweg-768x1066.jpg 768w, https:\/\/www.greta-hessel.de\/Medienagentur\/wp-content\/uploads\/2023\/11\/kandelweg-1106x1536.jpg 1106w, https:\/\/www.greta-hessel.de\/Medienagentur\/wp-content\/uploads\/2023\/11\/kandelweg-1475x2048.jpg 1475w, https:\/\/www.greta-hessel.de\/Medienagentur\/wp-content\/uploads\/2023\/11\/kandelweg-scaled.jpg 1844w\" data-sizes=\"(max-width: 737px) 100vw, 737px\" src=\"data:image\/svg+xml;base64,PHN2ZyB3aWR0aD0iMSIgaGVpZ2h0PSIxIiB4bWxucz0iaHR0cDovL3d3dy53My5vcmcvMjAwMC9zdmciPjwvc3ZnPg==\" style=\"--smush-placeholder-width: 737px; --smush-placeholder-aspect-ratio: 737\/1024;\" \/><\/a><\/figure>\n\n\n\n<hr class=\"wp-block-separator has-alpha-channel-opacity\"\/>\n\n\n\n<h3 class=\"wp-block-heading has-text-align-center\">Kulinarische Reise durch den Schwarzwald<\/h3>\n\n\n\n<figure class=\"wp-block-image size-large\"><a href=\"https:\/\/www.greta-hessel.de\/Medienagentur\/wp-content\/uploads\/2023\/11\/colombi-scaled.jpg\"><img decoding=\"async\" width=\"724\" height=\"1024\" data-src=\"https:\/\/www.greta-hessel.de\/Medienagentur\/wp-content\/uploads\/2023\/11\/colombi-724x1024.jpg\" alt=\"\" class=\"wp-image-2283 lazyload\" data-srcset=\"https:\/\/www.greta-hessel.de\/Medienagentur\/wp-content\/uploads\/2023\/11\/colombi-724x1024.jpg 724w, https:\/\/www.greta-hessel.de\/Medienagentur\/wp-content\/uploads\/2023\/11\/colombi-212x300.jpg 212w, https:\/\/www.greta-hessel.de\/Medienagentur\/wp-content\/uploads\/2023\/11\/colombi-768x1086.jpg 768w, https:\/\/www.greta-hessel.de\/Medienagentur\/wp-content\/uploads\/2023\/11\/colombi-1087x1536.jpg 1087w, https:\/\/www.greta-hessel.de\/Medienagentur\/wp-content\/uploads\/2023\/11\/colombi-1449x2048.jpg 1449w, https:\/\/www.greta-hessel.de\/Medienagentur\/wp-content\/uploads\/2023\/11\/colombi-scaled.jpg 1811w\" data-sizes=\"(max-width: 724px) 100vw, 724px\" src=\"data:image\/svg+xml;base64,PHN2ZyB3aWR0aD0iMSIgaGVpZ2h0PSIxIiB4bWxucz0iaHR0cDovL3d3dy53My5vcmcvMjAwMC9zdmciPjwvc3ZnPg==\" style=\"--smush-placeholder-width: 724px; --smush-placeholder-aspect-ratio: 724\/1024;\" \/><\/a><\/figure>\n\n\n\n<figure class=\"wp-block-image size-large\"><a href=\"https:\/\/www.greta-hessel.de\/Medienagentur\/wp-content\/uploads\/2023\/11\/fehrenbach-scaled.jpg\"><img decoding=\"async\" width=\"733\" height=\"1024\" data-src=\"https:\/\/www.greta-hessel.de\/Medienagentur\/wp-content\/uploads\/2023\/11\/fehrenbach-733x1024.jpg\" alt=\"\" class=\"wp-image-2279 lazyload\" data-srcset=\"https:\/\/www.greta-hessel.de\/Medienagentur\/wp-content\/uploads\/2023\/11\/fehrenbach-733x1024.jpg 733w, https:\/\/www.greta-hessel.de\/Medienagentur\/wp-content\/uploads\/2023\/11\/fehrenbach-215x300.jpg 215w, https:\/\/www.greta-hessel.de\/Medienagentur\/wp-content\/uploads\/2023\/11\/fehrenbach-768x1072.jpg 768w, https:\/\/www.greta-hessel.de\/Medienagentur\/wp-content\/uploads\/2023\/11\/fehrenbach-1100x1536.jpg 1100w, https:\/\/www.greta-hessel.de\/Medienagentur\/wp-content\/uploads\/2023\/11\/fehrenbach-1467x2048.jpg 1467w, https:\/\/www.greta-hessel.de\/Medienagentur\/wp-content\/uploads\/2023\/11\/fehrenbach-scaled.jpg 1834w\" data-sizes=\"(max-width: 733px) 100vw, 733px\" src=\"data:image\/svg+xml;base64,PHN2ZyB3aWR0aD0iMSIgaGVpZ2h0PSIxIiB4bWxucz0iaHR0cDovL3d3dy53My5vcmcvMjAwMC9zdmciPjwvc3ZnPg==\" style=\"--smush-placeholder-width: 733px; --smush-placeholder-aspect-ratio: 733\/1024;\" \/><\/a><\/figure>\n\n\n\n<figure class=\"wp-block-image size-large\"><a href=\"https:\/\/www.greta-hessel.de\/Medienagentur\/wp-content\/uploads\/2023\/11\/adler-scaled.jpg\"><img decoding=\"async\" width=\"739\" height=\"1024\" data-src=\"https:\/\/www.greta-hessel.de\/Medienagentur\/wp-content\/uploads\/2023\/11\/adler-739x1024.jpg\" alt=\"\" class=\"wp-image-2282 lazyload\" data-srcset=\"https:\/\/www.greta-hessel.de\/Medienagentur\/wp-content\/uploads\/2023\/11\/adler-739x1024.jpg 739w, https:\/\/www.greta-hessel.de\/Medienagentur\/wp-content\/uploads\/2023\/11\/adler-216x300.jpg 216w, https:\/\/www.greta-hessel.de\/Medienagentur\/wp-content\/uploads\/2023\/11\/adler-768x1065.jpg 768w, https:\/\/www.greta-hessel.de\/Medienagentur\/wp-content\/uploads\/2023\/11\/adler-1108x1536.jpg 1108w, https:\/\/www.greta-hessel.de\/Medienagentur\/wp-content\/uploads\/2023\/11\/adler-1477x2048.jpg 1477w, https:\/\/www.greta-hessel.de\/Medienagentur\/wp-content\/uploads\/2023\/11\/adler-scaled.jpg 1847w\" data-sizes=\"(max-width: 739px) 100vw, 739px\" src=\"data:image\/svg+xml;base64,PHN2ZyB3aWR0aD0iMSIgaGVpZ2h0PSIxIiB4bWxucz0iaHR0cDovL3d3dy53My5vcmcvMjAwMC9zdmciPjwvc3ZnPg==\" style=\"--smush-placeholder-width: 739px; --smush-placeholder-aspect-ratio: 739\/1024;\" \/><\/a><\/figure>\n\n\n\n<figure class=\"wp-block-image size-large\"><a href=\"https:\/\/www.greta-hessel.de\/Medienagentur\/wp-content\/uploads\/2023\/11\/adler1-scaled.jpg\"><img decoding=\"async\" width=\"732\" height=\"1024\" data-src=\"https:\/\/www.greta-hessel.de\/Medienagentur\/wp-content\/uploads\/2023\/11\/adler1-732x1024.jpg\" alt=\"\" class=\"wp-image-2285 lazyload\" data-srcset=\"https:\/\/www.greta-hessel.de\/Medienagentur\/wp-content\/uploads\/2023\/11\/adler1-732x1024.jpg 732w, https:\/\/www.greta-hessel.de\/Medienagentur\/wp-content\/uploads\/2023\/11\/adler1-214x300.jpg 214w, https:\/\/www.greta-hessel.de\/Medienagentur\/wp-content\/uploads\/2023\/11\/adler1-768x1074.jpg 768w, https:\/\/www.greta-hessel.de\/Medienagentur\/wp-content\/uploads\/2023\/11\/adler1-1098x1536.jpg 1098w, https:\/\/www.greta-hessel.de\/Medienagentur\/wp-content\/uploads\/2023\/11\/adler1-1464x2048.jpg 1464w, https:\/\/www.greta-hessel.de\/Medienagentur\/wp-content\/uploads\/2023\/11\/adler1-scaled.jpg 1830w\" data-sizes=\"(max-width: 732px) 100vw, 732px\" src=\"data:image\/svg+xml;base64,PHN2ZyB3aWR0aD0iMSIgaGVpZ2h0PSIxIiB4bWxucz0iaHR0cDovL3d3dy53My5vcmcvMjAwMC9zdmciPjwvc3ZnPg==\" style=\"--smush-placeholder-width: 732px; --smush-placeholder-aspect-ratio: 732\/1024;\" \/><\/a><\/figure>\n","protected":false},"excerpt":{"rendered":"<p>Baiersbronn. Hotel Bareiss und Traube Tonbach H\u00fcttenkult im Schwarzwald Kniebish\u00fctte Blockh\u00fctte Traube Tonbach Satteleih\u00fctte von Hotel Bareiss Panoramast\u00fcble von Hotel L\u00f6wen Renchtalh\u00fctte von Hotel Dollenberg 5 Sterne Superior Schwarzwald-Hotel Dollenberg Die Fallers im Hotel Dollenberg Wellness &amp; Spa im Schwarzwald Der Ortenauer Weinpfad Der Kandelh\u00f6henweg Kulinarische Reise durch den Schwarzwald<\/p>\n","protected":false},"author":1,"featured_media":0,"parent":0,"menu_order":0,"comment_status":"closed","ping_status":"closed","template":"","meta":{"_exactmetrics_skip_tracking":false,"_exactmetrics_sitenote_active":false,"_exactmetrics_sitenote_note":"","_exactmetrics_sitenote_category":0,"footnotes":""},"class_list":["post-2230","page","type-page","status-publish","hentry"],"_links":{"self":[{"href":"https:\/\/www.greta-hessel.de\/Medienagentur\/wp-json\/wp\/v2\/pages\/2230","targetHints":{"allow":["GET"]}}],"collection":[{"href":"https:\/\/www.greta-hessel.de\/Medienagentur\/wp-json\/wp\/v2\/pages"}],"about":[{"href":"https:\/\/www.greta-hessel.de\/Medienagentur\/wp-json\/wp\/v2\/types\/page"}],"author":[{"embeddable":true,"href":"https:\/\/www.greta-hessel.de\/Medienagentur\/wp-json\/wp\/v2\/users\/1"}],"replies":[{"embeddable":true,"href":"https:\/\/www.greta-hessel.de\/Medienagentur\/wp-json\/wp\/v2\/comments?post=2230"}],"version-history":[{"count":34,"href":"https:\/\/www.greta-hessel.de\/Medienagentur\/wp-json\/wp\/v2\/pages\/2230\/revisions"}],"predecessor-version":[{"id":2314,"href":"https:\/\/www.greta-hessel.de\/Medienagentur\/wp-json\/wp\/v2\/pages\/2230\/revisions\/2314"}],"wp:attachment":[{"href":"https:\/\/www.greta-hessel.de\/Medienagentur\/wp-json\/wp\/v2\/media?parent=2230"}],"curies":[{"name":"wp","href":"https:\/\/api.w.org\/{rel}","templated":true}]}}