{"id":2376,"date":"2023-11-12T15:16:20","date_gmt":"2023-11-12T14:16:20","guid":{"rendered":"https:\/\/www.greta-hessel.de\/Medienagentur\/?page_id=2376"},"modified":"2026-02-09T15:00:25","modified_gmt":"2026-02-09T14:00:25","slug":"anfrage-pressereise","status":"publish","type":"page","link":"https:\/\/www.greta-hessel.de\/Medienagentur\/anfrage-pressereise\/","title":{"rendered":"Anfrage Reportage"},"content":{"rendered":"\n<p><strong>Rechercheaufenthalt \/ journalistische Reportage<\/strong><\/p>\n\n\n\n<p>Erg\u00e4nzend zu Magazin- oder Guide-Pr\u00e4senzen arbeite ich an <strong>journalistischen Reportagen<\/strong>, die aus einem Rechercheaufenthalt vor Ort entstehen.<\/p>\n\n\n\n<p><strong>Rahmenbedingungen:<\/strong><\/p>\n\n\n\n<ul class=\"wp-block-list\">\n<li>Einladung f\u00fcr mindestens <strong>3 \u00dcbernachtungen inkl. Verpflegung<\/strong><\/li>\n\n\n\n<li>Zeit f\u00fcr Recherche, Gespr\u00e4che und Eindr\u00fccke<\/li>\n\n\n\n<li>Die Berichterstattung erfolgt <strong>nicht garantiert<\/strong>, sondern ausschlie\u00dflich dort, wo sich eine inhaltliche \u00dcbereinstimmung ergibt<\/li>\n<\/ul>\n\n\n\n<p>Die entstandene Reportage:<\/p>\n\n\n\n<ul class=\"wp-block-list\">\n<li>erscheint auf dieser Website<\/li>\n\n\n\n<li>kann vom Hotel f\u00fcr eigene Kommunikationszwecke genutzt werden<\/li>\n\n\n\n<li>ist kein Influencer-Content, sondern <strong>redaktionelle Arbeit<\/strong><\/li>\n<\/ul>\n\n\n\n<hr class=\"wp-block-separator has-alpha-channel-opacity\"\/>\n\n\n\n<p><strong>Haltung<\/strong><\/p>\n\n\n\n<p>Ich arbeite bewusst <strong>nicht<\/strong>:<\/p>\n\n\n\n<ul class=\"wp-block-list\">\n<li>auf Zuruf<\/li>\n\n\n\n<li>mit vorgegebenen Werbebotschaften<\/li>\n\n\n\n<li>mit garantierten Lobeshymnen<\/li>\n<\/ul>\n\n\n\n<p>Ich arbeite <strong>mit H\u00e4usern<\/strong>, die bereit sind, sich zeigen zu lassen, wie sie sind.<\/p>\n\n\n\n<hr class=\"wp-block-separator has-alpha-channel-opacity\"\/>\n\n\n\n<p>Wenn Sie Interesse an einer journalistischen Zusammenarbeit haben<br>oder Ihr Haus aus einer unabh\u00e4ngigen Perspektive zeigen m\u00f6chten,<br>freue ich mich \u00fcber Ihre Kontaktaufnahme.<\/p>\n\n\n\n<p><strong>Greta Hessel<\/strong><br>Autorin \u00b7 Journalistin \u00b7 Herausgeberin<br><\/p>\n\n\n\n<p>Hier anfragen:<\/p>\n\n\n\n<p>Ich werde mich dann mit Ihnen in Verbindung setzen.<\/p>\n\n\n<div class=\"wpforms-container wpforms-container-full wpforms-block wpforms-block-1568ec65-5ee3-419b-b7eb-5a4b6893f653 wpforms-render-modern\" id=\"wpforms-2382\"><form id=\"wpforms-form-2382\" class=\"wpforms-validate wpforms-form wpforms-ajax-form\" data-formid=\"2382\" method=\"post\" enctype=\"multipart\/form-data\" action=\"\/Medienagentur\/wp-json\/wp\/v2\/pages\/2376\" data-token=\"f910323f8b18bdf838c6d2fde49b7316\" data-token-time=\"1777812470\"><noscript class=\"wpforms-error-noscript\">Bitte aktiviere JavaScript in deinem Browser, um dieses Formular fertigzustellen.<\/noscript><div id=\"wpforms-error-noscript\" style=\"display: none;\">Bitte aktiviere JavaScript in deinem Browser, um dieses Formular fertigzustellen.<\/div><div class=\"wpforms-field-container\"><div id=\"wpforms-2382-field_0-container\" class=\"wpforms-field wpforms-field-name\" data-field-id=\"0\"><fieldset><legend class=\"wpforms-field-label\">Name <span class=\"wpforms-required-label\" aria-hidden=\"true\">*<\/span><\/legend><div class=\"wpforms-field-row wpforms-field-medium\"><div class=\"wpforms-field-row-block wpforms-first wpforms-one-half\"><input type=\"text\" id=\"wpforms-2382-field_0\" class=\"wpforms-field-name-first wpforms-field-required\" name=\"wpforms[fields][0][first]\" aria-errormessage=\"wpforms-2382-field_0-error\" required><label for=\"wpforms-2382-field_0\" class=\"wpforms-field-sublabel after\">Vorname<\/label><\/div><div class=\"wpforms-field-row-block wpforms-one-half\"><input type=\"text\" id=\"wpforms-2382-field_0-last\" class=\"wpforms-field-name-last wpforms-field-required\" name=\"wpforms[fields][0][last]\" aria-errormessage=\"wpforms-2382-field_0-last-error\" required><label for=\"wpforms-2382-field_0-last\" class=\"wpforms-field-sublabel after\">Nachname<\/label><\/div><\/div><\/fieldset><\/div><div id=\"wpforms-2382-field_3-container\" class=\"wpforms-field wpforms-field-text\" data-field-id=\"3\"><label class=\"wpforms-field-label\" for=\"wpforms-2382-field_3\">Webseite<\/label><input type=\"text\" id=\"wpforms-2382-field_3\" class=\"wpforms-field-medium\" name=\"wpforms[fields][3]\" aria-errormessage=\"wpforms-2382-field_3-error\" ><\/div><div id=\"wpforms-2382-field_1-container\" class=\"wpforms-field wpforms-field-email\" data-field-id=\"1\"><label class=\"wpforms-field-label\" for=\"wpforms-2382-field_1\">E-Mail-Adresse <span class=\"wpforms-required-label\" aria-hidden=\"true\">*<\/span><\/label><input type=\"email\" id=\"wpforms-2382-field_1\" class=\"wpforms-field-medium wpforms-field-required\" name=\"wpforms[fields][1]\" spellcheck=\"false\" aria-errormessage=\"wpforms-2382-field_1-error\" required><\/div><div id=\"wpforms-2382-field_2-container\" class=\"wpforms-field wpforms-field-textarea\" data-field-id=\"2\"><label class=\"wpforms-field-label\" for=\"wpforms-2382-field_2\">Kommentar oder Nachricht<\/label><textarea id=\"wpforms-2382-field_2\" class=\"wpforms-field-medium\" name=\"wpforms[fields][2]\" aria-errormessage=\"wpforms-2382-field_2-error\" ><\/textarea><\/div><\/div><!-- .wpforms-field-container --><div class=\"wpforms-submit-container\" ><input type=\"hidden\" name=\"wpforms[id]\" value=\"2382\"><input type=\"hidden\" name=\"page_title\" value=\"\"><input type=\"hidden\" name=\"page_url\" value=\"https:\/\/www.greta-hessel.de\/Medienagentur\/wp-json\/wp\/v2\/pages\/2376\"><input type=\"hidden\" name=\"url_referer\" value=\"\"><button type=\"submit\" name=\"wpforms[submit]\" id=\"wpforms-submit-2382\" class=\"wpforms-submit\" data-alt-text=\"Wird gesendet\u00a0\u2026\" data-submit-text=\"Absenden\" aria-live=\"assertive\" value=\"wpforms-submit\">Absenden<\/button><img decoding=\"async\" data-src=\"https:\/\/www.greta-hessel.de\/Medienagentur\/wp-content\/plugins\/wpforms-lite\/assets\/images\/submit-spin.svg\" class=\"wpforms-submit-spinner lazyload\" style=\"--smush-placeholder-width: 26px; --smush-placeholder-aspect-ratio: 26\/26;display: none;\" width=\"26\" height=\"26\" alt=\"Wird geladen\" src=\"data:image\/svg+xml;base64,PHN2ZyB3aWR0aD0iMSIgaGVpZ2h0PSIxIiB4bWxucz0iaHR0cDovL3d3dy53My5vcmcvMjAwMC9zdmciPjwvc3ZnPg==\"><\/div><\/form><\/div>  <!-- .wpforms-container -->\n\n\n<p>Referenzen:<\/p>\n\n\n\n<p>Freie Journalistin und Bloggerin. Eigener&nbsp;<a href=\"https:\/\/studio.youtube.com\/channel\/UCFfU_m0-Kiud9kzueYy525Q\/videos\/upload?filter=%5B%5D&amp;sort=%7B%22columnType%22%3A%22date%22%2C%22sortOrder%22%3A%22DESCENDING%22%7D\">Youtube-Kanal<\/a><\/p>\n\n\n\n<p>Bewertungsportale:&nbsp;Tripadvisor,&nbsp;<a href=\"https:\/\/accounts.holidaycheck.com\/\">Holidaycheck<\/a>,<\/p>\n\n\n\n<p>Onlinemagazin: Reiseblog f\u00fcr Genie\u00dfer:&nbsp;<a href=\"https:\/\/www.greta-hessel.de\/Medienagentur\/\">https:\/\/www.greta-hessel.de\/Medienagentur\/<\/a><\/p>\n\n\n\n<p>Gesundheitsblog:&nbsp;<a href=\"https:\/\/www.gruenes-leben.com\/\">Gr\u00fcnes Leben<\/a>&nbsp;\u2013 Das Online-Magazin f\u00fcr den gr\u00fcnen Lifestyle.<\/p>\n\n\n\n<p>Ver\u00f6ffentlichungen in folgenden Print-Magazinen:<\/p>\n\n\n\n<p><strong>Autorin:<\/strong><\/p>\n\n\n\n<p>Bild der Frau 1992, Hulda, Sch\u00e4delspalter\/Hannover 1991, LebensArt \/Hannover, Connection 2009, Zeitschrift PHOTOGRAPHIE 1984, Fotoagentur Zefa, Presseportal Open PR, Das Fotoheft,&nbsp; Neue Welt,&nbsp; LEA, Connection, Badische Neueste Nachrichten (BNN), Bild der Frau, Grenzenlos,&nbsp;<a href=\"http:\/\/www.greta-hessel.de\/Medienagentur\/?page_id=500\">POSITIONEN<\/a>, Life Art,&nbsp;<a href=\"http:\/\/www.greta-hessel.de\/Medienagentur\/?page_id=221\">finest-feine adressen<\/a>,&nbsp;<a href=\"http:\/\/www.gruenes-leben.com\/\" target=\"_blank\" rel=\"noreferrer noopener\">Gr\u00fcnes Leben \u2013 fein genie\u00dfen<\/a><\/p>\n\n\n\n<p><strong>Freie redaktionelle Mitarbeiterin:<\/strong><\/p>\n\n\n\n<p>Freizeit Revue, BNN (gh) Baden-Baden 2001,&nbsp;<a href=\"https:\/\/www.greta-hessel.de\/Medienagentur\/positionen\/\">Positionen<\/a>&nbsp;Hannover, Frau Aktuell\/D\u00fcsseldorf 1985,&nbsp;<\/p>\n\n\n\n<p><strong>Chefredaktion &amp; Objektleitung<\/strong><\/p>\n\n\n\n<p><a href=\"https:\/\/www.greta-hessel.de\/Medienagentur\/feine-adressen-winter-2009\/\">Feine Adressen&nbsp;<\/a>Baden-Baden\/Schwarzwald 2009\/11,&nbsp;<a href=\"https:\/\/www.gruenes-leben.com\/\">Gr\u00fcnes Leben,<\/a>&nbsp;<a href=\"https:\/\/www.greta-hessel.de\/Medienagentur\/life-art\/\">Life Art,&nbsp;<\/a><a href=\"https:\/\/www.greta-hessel.de\/Medienagentur\/essencia\/\">Essencia,<\/a><\/p>\n\n\n\n<p><strong>Mitglied<\/strong><\/p>\n\n\n\n<p>Presseclub Baden-Baden 2004<\/p>\n\n\n\n<p>2005 Vorsitzende des Kreisverbandes Baden-Baden\/Rastatt des S\u00fcdwest-DJV (Deutscher Journalistenverband)<\/p>\n\n\n\n<figure class=\"wp-block-image size-large\"><a href=\"https:\/\/www.greta-hessel.de\/Medienagentur\/wp-content\/uploads\/2026\/02\/Stadtmagazin-Fruehjahr-2026.jpg\"><img decoding=\"async\" width=\"722\" height=\"1024\" data-src=\"https:\/\/www.greta-hessel.de\/Medienagentur\/wp-content\/uploads\/2026\/02\/Stadtmagazin-Fruehjahr-2026-722x1024.jpg\" alt=\"\" class=\"wp-image-2741 lazyload\" data-srcset=\"https:\/\/www.greta-hessel.de\/Medienagentur\/wp-content\/uploads\/2026\/02\/Stadtmagazin-Fruehjahr-2026-722x1024.jpg 722w, https:\/\/www.greta-hessel.de\/Medienagentur\/wp-content\/uploads\/2026\/02\/Stadtmagazin-Fruehjahr-2026-211x300.jpg 211w, https:\/\/www.greta-hessel.de\/Medienagentur\/wp-content\/uploads\/2026\/02\/Stadtmagazin-Fruehjahr-2026-768x1090.jpg 768w, https:\/\/www.greta-hessel.de\/Medienagentur\/wp-content\/uploads\/2026\/02\/Stadtmagazin-Fruehjahr-2026-1083x1536.jpg 1083w, https:\/\/www.greta-hessel.de\/Medienagentur\/wp-content\/uploads\/2026\/02\/Stadtmagazin-Fruehjahr-2026-1444x2048.jpg 1444w, https:\/\/www.greta-hessel.de\/Medienagentur\/wp-content\/uploads\/2026\/02\/Stadtmagazin-Fruehjahr-2026.jpg 1748w\" data-sizes=\"(max-width: 722px) 100vw, 722px\" src=\"data:image\/svg+xml;base64,PHN2ZyB3aWR0aD0iMSIgaGVpZ2h0PSIxIiB4bWxucz0iaHR0cDovL3d3dy53My5vcmcvMjAwMC9zdmciPjwvc3ZnPg==\" style=\"--smush-placeholder-width: 722px; --smush-placeholder-aspect-ratio: 722\/1024;\" \/><\/a><\/figure>\n","protected":false},"excerpt":{"rendered":"<p>Rechercheaufenthalt \/ journalistische Reportage Erg\u00e4nzend zu Magazin- oder Guide-Pr\u00e4senzen arbeite ich an journalistischen Reportagen, die aus einem Rechercheaufenthalt vor Ort entstehen. Rahmenbedingungen: Die entstandene Reportage: Haltung Ich arbeite bewusst nicht: Ich arbeite mit H\u00e4usern, die bereit sind, sich zeigen zu lassen, wie sie sind. Wenn Sie Interesse an einer journalistischen Zusammenarbeit habenoder Ihr Haus aus &hellip; <a href=\"https:\/\/www.greta-hessel.de\/Medienagentur\/anfrage-pressereise\/\" class=\"more-link\"><span class=\"screen-reader-text\">Anfrage Reportage<\/span> weiterlesen <span class=\"meta-nav\">&rarr;<\/span><\/a><\/p>\n","protected":false},"author":1,"featured_media":0,"parent":0,"menu_order":0,"comment_status":"closed","ping_status":"closed","template":"","meta":{"_exactmetrics_skip_tracking":false,"_exactmetrics_sitenote_active":false,"_exactmetrics_sitenote_note":"","_exactmetrics_sitenote_category":0,"footnotes":""},"class_list":["post-2376","page","type-page","status-publish","hentry"],"_links":{"self":[{"href":"https:\/\/www.greta-hessel.de\/Medienagentur\/wp-json\/wp\/v2\/pages\/2376","targetHints":{"allow":["GET"]}}],"collection":[{"href":"https:\/\/www.greta-hessel.de\/Medienagentur\/wp-json\/wp\/v2\/pages"}],"about":[{"href":"https:\/\/www.greta-hessel.de\/Medienagentur\/wp-json\/wp\/v2\/types\/page"}],"author":[{"embeddable":true,"href":"https:\/\/www.greta-hessel.de\/Medienagentur\/wp-json\/wp\/v2\/users\/1"}],"replies":[{"embeddable":true,"href":"https:\/\/www.greta-hessel.de\/Medienagentur\/wp-json\/wp\/v2\/comments?post=2376"}],"version-history":[{"count":11,"href":"https:\/\/www.greta-hessel.de\/Medienagentur\/wp-json\/wp\/v2\/pages\/2376\/revisions"}],"predecessor-version":[{"id":2743,"href":"https:\/\/www.greta-hessel.de\/Medienagentur\/wp-json\/wp\/v2\/pages\/2376\/revisions\/2743"}],"wp:attachment":[{"href":"https:\/\/www.greta-hessel.de\/Medienagentur\/wp-json\/wp\/v2\/media?parent=2376"}],"curies":[{"name":"wp","href":"https:\/\/api.w.org\/{rel}","templated":true}]}}